{"id":40871,"date":"2016-01-15T13:53:13","date_gmt":"2016-01-15T12:53:13","guid":{"rendered":"http:\/\/neue.prodata.de\/?page_id=40871"},"modified":"2022-06-30T12:26:25","modified_gmt":"2022-06-30T10:26:25","slug":"kundenstimmen","status":"publish","type":"page","link":"https:\/\/www.prodata.de\/system\/referenzen\/kundenstimmen\/","title":{"rendered":"Kundenstimmen"},"content":{"rendered":"<div id='full_slider_1'  class='avia-fullwidth-slider main_color avia-shadow   avia-builder-el-0  el_before_av_section  avia-builder-el-first   container_wrap fullsize'  ><div  class='avia-slideshow av-qf8tdjb-6ffc08db4acfc4943ad8d2fa8131faf2 avia-slideshow-featured av_slideshow_full avia-fade-slider av-slideshow-ui av-control-default av-slideshow-autoplay av-loop-endless av-loop-manual-endless av-default-height-applied   avia-slideshow-1' data-slideshow-options=\"{&quot;animation&quot;:&quot;fade&quot;,&quot;autoplay&quot;:true,&quot;loop_autoplay&quot;:&quot;endless&quot;,&quot;interval&quot;:5,&quot;loop_manual&quot;:&quot;manual-endless&quot;,&quot;autoplay_stopper&quot;:false,&quot;noNavigation&quot;:false,&quot;bg_slider&quot;:false,&quot;keep_padding&quot;:false,&quot;hoverpause&quot;:false,&quot;show_slide_delay&quot;:0}\"  itemprop=\"image\" itemscope=\"itemscope\" itemtype=\"https:\/\/schema.org\/ImageObject\" ><ul class='avia-slideshow-inner ' style='padding-bottom: 28.666666666667%;'><\/ul><\/div><\/div>\n<div id='reference-page'  class='avia-section av-o7uuacn-a4c92ce1e04d257f7fdb1e828168be87 main_color avia-section-large avia-no-border-styling  avia-builder-el-1  el_after_av_slideshow_full  el_before_av_section  avia-bg-style-scroll container_wrap fullsize'  ><div class='container av-section-cont-open' ><div class='template-page content  av-content-full alpha units'><div class='post-entry post-entry-type-page post-entry-40871'><div class='entry-content-wrapper clearfix'>\n\n<style type=\"text\/css\" data-created_by=\"avia_inline_auto\" id=\"style-css-av-nqt6t53-973985ffaf5765bb15c84008d3a1c3cf\">\n#top .av-special-heading.av-nqt6t53-973985ffaf5765bb15c84008d3a1c3cf{\npadding-bottom:0;\n}\nbody .av-special-heading.av-nqt6t53-973985ffaf5765bb15c84008d3a1c3cf .av-special-heading-tag .heading-char{\nfont-size:25px;\n}\n.av-special-heading.av-nqt6t53-973985ffaf5765bb15c84008d3a1c3cf .av-subheading{\nfont-size:15px;\n}\n<\/style>\n<div  class='av-special-heading av-nqt6t53-973985ffaf5765bb15c84008d3a1c3cf av-special-heading-h2 blockquote modern-quote modern-centered  avia-builder-el-2  el_before_av_hr  avia-builder-el-first '><h2 class='av-special-heading-tag '  itemprop=\"headline\"  >Kundenstimmen<\/h2><div class=\"special-heading-border\"><div class=\"special-heading-inner-border\"><\/div><\/div><\/div>\n\n<style type=\"text\/css\" data-created_by=\"avia_inline_auto\" id=\"style-css-av-nelmh7r-4c6a4305c156e87acb006f00a2cfbae0\">\n#top .hr.av-nelmh7r-4c6a4305c156e87acb006f00a2cfbae0{\nmargin-top:48px;\nmargin-bottom:48px;\n}\n.hr.av-nelmh7r-4c6a4305c156e87acb006f00a2cfbae0 .hr-inner{\nwidth:85px;\nborder-color:#00488f;\n}\n<\/style>\n<div  class='hr av-nelmh7r-4c6a4305c156e87acb006f00a2cfbae0 hr-custom  avia-builder-el-3  el_after_av_heading  el_before_av_one_full  hr-center hr-icon-no'><span class='hr-inner inner-border-av-border-fat'><span class=\"hr-inner-style\"><\/span><\/span><\/div>\n\n<style type=\"text\/css\" data-created_by=\"avia_inline_auto\" id=\"style-css-av-mquwl5z-6a796925852ddcf2d684701b35a685a6\">\n.flex_column.av-mquwl5z-6a796925852ddcf2d684701b35a685a6{\nborder-radius:0px 0px 0px 0px;\npadding:0px 0px 0px 0px;\n}\n<\/style>\n<div  class='flex_column av-mquwl5z-6a796925852ddcf2d684701b35a685a6 av_one_full  avia-builder-el-4  el_after_av_hr  avia-builder-el-last  first flex_column_div av-zero-column-padding  '     ><p><section  class='av_textblock_section av-m7qnhuv-5b234bc4fba0cd1dda9df4c162294e46 '   itemscope=\"itemscope\" itemtype=\"https:\/\/schema.org\/CreativeWork\" ><div class='avia_textblock'  itemprop=\"text\" ><p><strong>Stolz k\u00f6nnen wir auf eine Vielzahl von erfolgreich durchgef\u00fchrten Projekten blicken. Werden auch Sie ein Teil davon und lassen Sie sich von zufriedenen Kunden \u00fcberzeugen.<\/strong><\/p>\n<\/div><\/section><br \/>\n<div  class='avia-testimonial-wrapper av-m195aef-0decad31c4838283c9f8ce4ea4998684 avia-grid-testimonials avia-grid-2-testimonials avia_animate_when_almost_visible' >\n<section class=\"avia-testimonial-row\"><div class='avia-testimonial av-lghw51j-1e66cc9eb77904a27fc9c0567f826d01 avia-testimonial-row-1 avia-first-testimonial flex_column no_margin av_one_half'><div class='avia-testimonial_inner'  itemscope=\"itemscope\" itemtype=\"https:\/\/schema.org\/CreativeWork\" ><div class='avia-testimonial-image'  itemprop=\"image\" ><img decoding=\"async\" width=\"180\" height=\"180\" src=\"https:\/\/www.prodata.de\/system\/wp-content\/uploads\/sites\/5\/2016\/12\/Leifheit-180x180.png\" class=\"attachment-square size-square\" alt=\"das Logo von Leifheit\" srcset=\"https:\/\/www.prodata.de\/system\/wp-content\/uploads\/sites\/5\/2016\/12\/Leifheit-180x180.png 180w, https:\/\/www.prodata.de\/system\/wp-content\/uploads\/sites\/5\/2016\/12\/Leifheit-80x80.png 80w, https:\/\/www.prodata.de\/system\/wp-content\/uploads\/sites\/5\/2016\/12\/Leifheit-36x36.png 36w, https:\/\/www.prodata.de\/system\/wp-content\/uploads\/sites\/5\/2016\/12\/Leifheit.png 200w\" sizes=\"(max-width: 180px) 100vw, 180px\" \/><\/div><div class='avia-testimonial-content '><div class='avia-testimonial-markup-entry-content'  itemprop=\"text\" ><p>Bei der Entwicklung eines Strategiekonzepts f\u00fcr Kundenbindung war uns bei der Partnerwahl neben der langj\u00e4hrigen Expertise vor allem die kompetente Beratung sehr wichtig. All diese Aspekte werden von Prodata in hohem Ma\u00dfe erf\u00fcllt. Wir freuen uns auf die n\u00e4chsten Schritte der Zusammenarbeit.<\/p>\n<\/div><\/div><div class=\"avia-testimonial-meta\"><div class=\"avia-testimonial-arrow-wrap\"><div class=\"avia-arrow\"><\/div><\/div><div class='avia-testimonial-meta-mini'  itemprop=\"author\" itemscope=\"itemscope\" itemtype=\"https:\/\/schema.org\/Person\" ><strong  class='avia-testimonial-name'  itemprop=\"name\" >Kim Schiefer<\/strong><span  class='avia-testimonial-subtitle '  itemprop=\"jobTitle\" >Leiter Strategische Gesch\u00e4ftsentwicklung Digital<\/span><\/div><\/div><\/div><\/div>\n<div class='avia-testimonial av-kv1zn8n-fb22f343194c5685fe83c0b99a9b5b36 avia-testimonial-row-1 avia-last-testimonial flex_column no_margin av_one_half'><div class='avia-testimonial_inner'  itemscope=\"itemscope\" itemtype=\"https:\/\/schema.org\/CreativeWork\" ><div class='avia-testimonial-image'  itemprop=\"image\" ><img decoding=\"async\" width=\"128\" height=\"128\" src=\"https:\/\/www.prodata.de\/system\/wp-content\/uploads\/sites\/5\/2015\/11\/1.-FC-Koeln.png\" class=\"attachment-square size-square\" alt=\"das Logo des 1.FC K\u00f6ln\" srcset=\"https:\/\/www.prodata.de\/system\/wp-content\/uploads\/sites\/5\/2015\/11\/1.-FC-Koeln.png 128w, https:\/\/www.prodata.de\/system\/wp-content\/uploads\/sites\/5\/2015\/11\/1.-FC-Koeln-80x80.png 80w, https:\/\/www.prodata.de\/system\/wp-content\/uploads\/sites\/5\/2015\/11\/1.-FC-Koeln-36x36.png 36w\" sizes=\"(max-width: 128px) 100vw, 128px\" \/><\/div><div class='avia-testimonial-content '><div class='avia-testimonial-markup-entry-content'  itemprop=\"text\" ><p>Es gibt viele Gr\u00fcnde warum wir uns f\u00fcr PRODATA entschieden haben. Unter anderem wegen der gro\u00dfen Expertise und den kreativen Ideen. PRODATA hat uns mit seiner kompetenten Arbeit \u00fcberzeugt!<\/p>\n<\/div><\/div><div class=\"avia-testimonial-meta\"><div class=\"avia-testimonial-arrow-wrap\"><div class=\"avia-arrow\"><\/div><\/div><div class='avia-testimonial-meta-mini'  itemprop=\"author\" itemscope=\"itemscope\" itemtype=\"https:\/\/schema.org\/Person\" ><strong  class='avia-testimonial-name'  itemprop=\"name\" >Hauke B\u00f6ckmann<\/strong><span  class='avia-testimonial-subtitle '  itemprop=\"jobTitle\" >Vertrieb und Vermarktungsmanagement, 1. FC K\u00f6ln GmbH & Co. KGaA<\/span><\/div><\/div><\/div><\/div><\/section>\n<section class=\"avia-testimonial-row\"><div class='avia-testimonial av-kjdw6sn-808f6c5a55dd05ca281bb41b8d89c672 avia-testimonial-row-2 avia-first-testimonial flex_column no_margin av_one_half'><div class='avia-testimonial_inner'  itemscope=\"itemscope\" itemtype=\"https:\/\/schema.org\/CreativeWork\" ><div class='avia-testimonial-image'  itemprop=\"image\" ><img decoding=\"async\" width=\"128\" height=\"128\" src=\"https:\/\/www.prodata.de\/system\/wp-content\/uploads\/sites\/5\/2015\/11\/Kabel-Deutschland.png\" class=\"attachment-square size-square\" alt=\"das Kabel Deutschland Logo\" srcset=\"https:\/\/www.prodata.de\/system\/wp-content\/uploads\/sites\/5\/2015\/11\/Kabel-Deutschland.png 128w, https:\/\/www.prodata.de\/system\/wp-content\/uploads\/sites\/5\/2015\/11\/Kabel-Deutschland-80x80.png 80w, https:\/\/www.prodata.de\/system\/wp-content\/uploads\/sites\/5\/2015\/11\/Kabel-Deutschland-36x36.png 36w\" sizes=\"(max-width: 128px) 100vw, 128px\" \/><\/div><div class='avia-testimonial-content '><div class='avia-testimonial-markup-entry-content'  itemprop=\"text\" ><p>Mit PRODATA haben wir eine wunschgenaue Umsetzung und damit eine tolle Software erhalten!<br \/>\nWir sparen richtig Geld damit!<\/p>\n<\/div><\/div><div class=\"avia-testimonial-meta\"><div class=\"avia-testimonial-arrow-wrap\"><div class=\"avia-arrow\"><\/div><\/div><div class='avia-testimonial-meta-mini'  itemprop=\"author\" itemscope=\"itemscope\" itemtype=\"https:\/\/schema.org\/Person\" ><strong  class='avia-testimonial-name'  itemprop=\"name\" >Dr. Stefan Kaiser<\/strong><span  class='avia-testimonial-subtitle '  itemprop=\"jobTitle\" >IT Projektmanagement, Kabel Deutschland GmbH<\/span><\/div><\/div><\/div><\/div>\n<div class='avia-testimonial av-k1km747-a647a526eff307e73463df31ea9b33e2 avia-testimonial-row-2 avia-last-testimonial flex_column no_margin av_one_half'><div class='avia-testimonial_inner'  itemscope=\"itemscope\" itemtype=\"https:\/\/schema.org\/CreativeWork\" ><div class='avia-testimonial-image'  itemprop=\"image\" ><img decoding=\"async\" width=\"130\" height=\"130\" src=\"https:\/\/www.prodata.de\/system\/wp-content\/uploads\/sites\/5\/2016\/01\/hallhuber.png\" class=\"attachment-square size-square\" alt=\"das Logo von Hallhuber\" srcset=\"https:\/\/www.prodata.de\/system\/wp-content\/uploads\/sites\/5\/2016\/01\/hallhuber.png 130w, https:\/\/www.prodata.de\/system\/wp-content\/uploads\/sites\/5\/2016\/01\/hallhuber-80x80.png 80w, https:\/\/www.prodata.de\/system\/wp-content\/uploads\/sites\/5\/2016\/01\/hallhuber-36x36.png 36w\" sizes=\"(max-width: 130px) 100vw, 130px\" \/><\/div><div class='avia-testimonial-content '><div class='avia-testimonial-markup-entry-content'  itemprop=\"text\" ><p>Es ist bewundernswert wie konzentriert und zielorientiert Sie die Gesamtprojektleitung und Durchf\u00fchrung zu unserem Kundenkartenprogramm umsetzen. Einfach Klasse, wie Sie selbst f\u00fcr eiligste Anforderungswechsel pragmatische L\u00f6sungen in Ruhe entwickeln.<\/p>\n<\/div><\/div><div class=\"avia-testimonial-meta\"><div class=\"avia-testimonial-arrow-wrap\"><div class=\"avia-arrow\"><\/div><\/div><div class='avia-testimonial-meta-mini'  itemprop=\"author\" itemscope=\"itemscope\" itemtype=\"https:\/\/schema.org\/Person\" ><strong  class='avia-testimonial-name'  itemprop=\"name\" >Frau Dr. Jagenberg<\/strong><span  class='avia-testimonial-subtitle '  itemprop=\"jobTitle\" >Director Marketing & Online Sales, Hallhuber GmbH<\/span><\/div><\/div><\/div><\/div><\/section>\n<section class=\"avia-testimonial-row\"><div class='avia-testimonial av-jqjqn9j-d1fab123188d9296264c53736fa8e426 avia-testimonial-row-3 avia-first-testimonial flex_column no_margin av_one_half'><div class='avia-testimonial_inner'  itemscope=\"itemscope\" itemtype=\"https:\/\/schema.org\/CreativeWork\" ><div class='avia-testimonial-image'  itemprop=\"image\" ><img decoding=\"async\" width=\"180\" height=\"180\" src=\"https:\/\/www.prodata.de\/system\/wp-content\/uploads\/sites\/5\/2016\/01\/Derpart-180x180.png\" class=\"attachment-square size-square\" alt=\"das Logo von Derpart\" srcset=\"https:\/\/www.prodata.de\/system\/wp-content\/uploads\/sites\/5\/2016\/01\/Derpart-180x180.png 180w, https:\/\/www.prodata.de\/system\/wp-content\/uploads\/sites\/5\/2016\/01\/Derpart-80x80.png 80w, https:\/\/www.prodata.de\/system\/wp-content\/uploads\/sites\/5\/2016\/01\/Derpart-36x36.png 36w, https:\/\/www.prodata.de\/system\/wp-content\/uploads\/sites\/5\/2016\/01\/Derpart.png 200w\" sizes=\"(max-width: 180px) 100vw, 180px\" \/><\/div><div class='avia-testimonial-content '><div class='avia-testimonial-markup-entry-content'  itemprop=\"text\" ><p>Wir haben uns bei der Einf\u00fchrung unseres neuen Kundenbindungssysteme f\u00fcr PRODATA entschieden vor allem aufgrund der innovativen Konzepte und der ma\u00dfgeschneiderten IT Umgebung<\/p>\n<\/div><\/div><div class=\"avia-testimonial-meta\"><div class=\"avia-testimonial-arrow-wrap\"><div class=\"avia-arrow\"><\/div><\/div><div class='avia-testimonial-meta-mini'  itemprop=\"author\" itemscope=\"itemscope\" itemtype=\"https:\/\/schema.org\/Person\" ><strong  class='avia-testimonial-name'  itemprop=\"name\" >A. Sch\u00f6mig<\/strong><span  class='avia-testimonial-subtitle '  itemprop=\"jobTitle\" >Gesch\u00e4ftsf\u00fchrung, Derpart GmbH<\/span><\/div><\/div><\/div><\/div>\n<div class='avia-testimonial av-kzclbmc1-913bfac45bb108008ac6751628f92f5e avia-testimonial-row-3 avia-last-testimonial flex_column no_margin av_one_half'><div class='avia-testimonial_inner'  itemscope=\"itemscope\" itemtype=\"https:\/\/schema.org\/CreativeWork\" ><div class='avia-testimonial-image'  itemprop=\"image\" ><img decoding=\"async\" width=\"180\" height=\"180\" src=\"https:\/\/www.prodata.de\/system\/wp-content\/uploads\/sites\/5\/2022\/02\/01_Baumit_logo_weisser-Hintergrund_2012_JPG-180x180.jpg\" class=\"attachment-square size-square\" alt=\"Baumit\" srcset=\"https:\/\/www.prodata.de\/system\/wp-content\/uploads\/sites\/5\/2022\/02\/01_Baumit_logo_weisser-Hintergrund_2012_JPG-180x180.jpg 180w, https:\/\/www.prodata.de\/system\/wp-content\/uploads\/sites\/5\/2022\/02\/01_Baumit_logo_weisser-Hintergrund_2012_JPG-80x80.jpg 80w, https:\/\/www.prodata.de\/system\/wp-content\/uploads\/sites\/5\/2022\/02\/01_Baumit_logo_weisser-Hintergrund_2012_JPG-36x36.jpg 36w\" sizes=\"(max-width: 180px) 100vw, 180px\" \/><\/div><div class='avia-testimonial-content '><div class='avia-testimonial-markup-entry-content'  itemprop=\"text\" ><p>\u201eF\u00fcr den Aufbau und Betrieb eines Portals zum Zweck der Vertriebs-, Handelssteuerung und Kundenbindung haben wir mit PRODATA einen kompetenten und starken Full Service Partner gefunden, der uns tatkr\u00e4ftig und mit kreativen Konzepten unterst\u00fctzt. Planung, Konzeption und Umsetzung verliefen zu unserer vollsten Zufriedenheit und freuen uns auf die weitere Zusammenarbeit.\u201c<\/p>\n<\/div><\/div><div class=\"avia-testimonial-meta\"><div class=\"avia-testimonial-arrow-wrap\"><div class=\"avia-arrow\"><\/div><\/div><div class='avia-testimonial-meta-mini'  itemprop=\"author\" itemscope=\"itemscope\" itemtype=\"https:\/\/schema.org\/Person\" ><strong  class='avia-testimonial-name'  itemprop=\"name\" >Sebastian Rettke<\/strong><span  class='avia-testimonial-subtitle '  itemprop=\"jobTitle\" >Marketingleitung, Baumit GmbH<\/span><\/div><\/div><\/div><\/div><\/section>\n<section class=\"avia-testimonial-row\"><div class='avia-testimonial av-ijg4vmv-639e709ee15323f5166bd8ce882a3cc0 avia-testimonial-row-4 avia-first-testimonial flex_column no_margin av_one_half'><div class='avia-testimonial_inner'  itemscope=\"itemscope\" itemtype=\"https:\/\/schema.org\/CreativeWork\" ><div class='avia-testimonial-image'  itemprop=\"image\" ><img decoding=\"async\" width=\"75\" height=\"65\" src=\"https:\/\/www.prodata.de\/system\/wp-content\/uploads\/sites\/5\/2011\/02\/Alnatura.jpg\" class=\"attachment-square size-square\" alt=\"\" \/><\/div><div class='avia-testimonial-content '><div class='avia-testimonial-markup-entry-content'  itemprop=\"text\" ><p>Mit PRODATA haben wir einen zuverl\u00e4ssigen Partner gefunden, der uns in allen Fragen rund um unsere Direktmarketingprozesse kompetent beraten hat. Alle notwendigen Prozesse wurden von PRODATA schnell und flexibel entwickelt und umgesetzt. Alnatura ist von der Kompetenz und Leistungsf\u00e4higkeit der PRODATA Datenbanken und Informationssysteme GmbH \u00fcberzeugt und bedankt sich f\u00fcr die erfolgreiche Zusammenarbeit.<\/p>\n<\/div><\/div><div class=\"avia-testimonial-meta\"><div class=\"avia-testimonial-arrow-wrap\"><div class=\"avia-arrow\"><\/div><\/div><div class='avia-testimonial-meta-mini'  itemprop=\"author\" itemscope=\"itemscope\" itemtype=\"https:\/\/schema.org\/Person\" ><strong  class='avia-testimonial-name'  itemprop=\"name\" >Eva Liebelt<\/strong><span  class='avia-testimonial-subtitle '  itemprop=\"jobTitle\" >Leiterin Filialkommunikation, Alnatura Produktions- u. Handels GmbH<\/span><\/div><\/div><\/div><\/div>\n<div class='avia-testimonial av-i06862v-814635f22cc3838ce360b22ae2b018bc avia-testimonial-row-4 avia-last-testimonial flex_column no_margin av_one_half'><div class='avia-testimonial_inner'  itemscope=\"itemscope\" itemtype=\"https:\/\/schema.org\/CreativeWork\" ><div class='avia-testimonial-image'  itemprop=\"image\" ><img decoding=\"async\" width=\"128\" height=\"128\" src=\"https:\/\/www.prodata.de\/system\/wp-content\/uploads\/sites\/5\/2014\/03\/Bosch.png\" class=\"attachment-square size-square\" alt=\"Logo von Bosch\" srcset=\"https:\/\/www.prodata.de\/system\/wp-content\/uploads\/sites\/5\/2014\/03\/Bosch.png 128w, https:\/\/www.prodata.de\/system\/wp-content\/uploads\/sites\/5\/2014\/03\/Bosch-80x80.png 80w, https:\/\/www.prodata.de\/system\/wp-content\/uploads\/sites\/5\/2014\/03\/Bosch-36x36.png 36w\" sizes=\"(max-width: 128px) 100vw, 128px\" \/><\/div><div class='avia-testimonial-content '><div class='avia-testimonial-markup-entry-content'  itemprop=\"text\" ><p>PRODATA\u00a0hat uns bei der Implementierung eines internationalen Partner Programms sehr gut unterst\u00fctzt.<\/p>\n<\/div><\/div><div class=\"avia-testimonial-meta\"><div class=\"avia-testimonial-arrow-wrap\"><div class=\"avia-arrow\"><\/div><\/div><div class='avia-testimonial-meta-mini'  itemprop=\"author\" itemscope=\"itemscope\" itemtype=\"https:\/\/schema.org\/Person\" ><strong  class='avia-testimonial-name'  itemprop=\"name\" >Peter D\u00fcnzelmann<\/strong><span  class='avia-testimonial-subtitle '  itemprop=\"jobTitle\" >Projektleitung int. Loyalty Systeme, Bosch Thermotechnik<\/span><\/div><\/div><\/div><\/div><\/section>\n<section class=\"avia-testimonial-row\"><div class='avia-testimonial av-hp0403r-870af8a0cdb63c2e042fb22ca3bcc4a1 avia-testimonial-row-5 avia-first-testimonial flex_column no_margin av_one_half'><div class='avia-testimonial_inner'  itemscope=\"itemscope\" itemtype=\"https:\/\/schema.org\/CreativeWork\" ><div class='avia-testimonial-image'  itemprop=\"image\" ><img decoding=\"async\" width=\"128\" height=\"128\" src=\"https:\/\/www.prodata.de\/system\/wp-content\/uploads\/sites\/5\/2016\/05\/billiger.de_-1.png\" class=\"attachment-square size-square\" alt=\"das Logo von billiger.de\" srcset=\"https:\/\/www.prodata.de\/system\/wp-content\/uploads\/sites\/5\/2016\/05\/billiger.de_-1.png 128w, https:\/\/www.prodata.de\/system\/wp-content\/uploads\/sites\/5\/2016\/05\/billiger.de_-1-80x80.png 80w, https:\/\/www.prodata.de\/system\/wp-content\/uploads\/sites\/5\/2016\/05\/billiger.de_-1-36x36.png 36w\" sizes=\"(max-width: 128px) 100vw, 128px\" \/><\/div><div class='avia-testimonial-content '><div class='avia-testimonial-markup-entry-content'  itemprop=\"text\" ><p>Im Bereich des Dialogmarketings hat sich PRODATA zu einem wichtigen und nachhaltigen Partner f\u00fcr uns entwickelt. Mit PRODATA haben wir einen Partner gefunden, der alle notwendigen Prozesse an unsere Bed\u00fcrfnisse flexibel ausgerichtet und umgesetzt hat. Wir sind mit den intelligenten L\u00f6sungen, insbesondere der Verarbeitung der Daten durch PRODATA sehr zufrieden und bauen auch zuk\u00fcnftig auf eine erfolgreiche Zusammenarbeit.<\/p>\n<\/div><\/div><div class=\"avia-testimonial-meta\"><div class=\"avia-testimonial-arrow-wrap\"><div class=\"avia-arrow\"><\/div><\/div><div class='avia-testimonial-meta-mini'  itemprop=\"author\" itemscope=\"itemscope\" itemtype=\"https:\/\/schema.org\/Person\" ><strong  class='avia-testimonial-name'  itemprop=\"name\" >Annabelle Hoeps<\/strong><span  class='avia-testimonial-subtitle '  itemprop=\"jobTitle\" >Project Manager Marketing \/ e-commerce, billiger.de<\/span><\/div><\/div><\/div><\/div>\n<div class='avia-testimonial av-hdvwf9j-70b82be1b3fbe0b86953bbd04a7d8bee avia-testimonial-row-5 avia-last-testimonial flex_column no_margin av_one_half'><div class='avia-testimonial_inner'  itemscope=\"itemscope\" itemtype=\"https:\/\/schema.org\/CreativeWork\" ><div class='avia-testimonial-image'  itemprop=\"image\" ><img decoding=\"async\" width=\"128\" height=\"128\" src=\"https:\/\/www.prodata.de\/system\/wp-content\/uploads\/sites\/5\/2015\/11\/Modepark-Roether.png\" class=\"attachment-square size-square\" alt=\"Logo von Modepark-R\u00f6ther\" srcset=\"https:\/\/www.prodata.de\/system\/wp-content\/uploads\/sites\/5\/2015\/11\/Modepark-Roether.png 128w, https:\/\/www.prodata.de\/system\/wp-content\/uploads\/sites\/5\/2015\/11\/Modepark-Roether-80x80.png 80w, https:\/\/www.prodata.de\/system\/wp-content\/uploads\/sites\/5\/2015\/11\/Modepark-Roether-36x36.png 36w\" sizes=\"(max-width: 128px) 100vw, 128px\" \/><\/div><div class='avia-testimonial-content '><div class='avia-testimonial-markup-entry-content'  itemprop=\"text\" ><p>Wir sind sehr zufrieden mit den Leistungen von Prodata. F\u00fcr Herausforderungen werden sehr schnell L\u00f6sungen gefunden und umgesetzt.Die Betreuung durch die Projektmanager ist hervorragend und wir f\u00fchlen uns zu jeder Zeit sehr gut aufgehoben.<\/p>\n<\/div><\/div><div class=\"avia-testimonial-meta\"><div class=\"avia-testimonial-arrow-wrap\"><div class=\"avia-arrow\"><\/div><\/div><div class='avia-testimonial-meta-mini'  itemprop=\"author\" itemscope=\"itemscope\" itemtype=\"https:\/\/schema.org\/Person\" ><strong  class='avia-testimonial-name'  itemprop=\"name\" >Tobias Erber<\/strong><span  class='avia-testimonial-subtitle '  itemprop=\"jobTitle\" >Marketing, Modepark R\u00f6ther<\/span><\/div><\/div><\/div><\/div><\/section>\n<section class=\"avia-testimonial-row\"><div class='avia-testimonial av-gtpub1j-9c4ca0b0f287ed3e4dc4fe6b784c7dfd avia-testimonial-row-6 avia-first-testimonial flex_column no_margin av_one_half'><div class='avia-testimonial_inner'  itemscope=\"itemscope\" itemtype=\"https:\/\/schema.org\/CreativeWork\" ><div class='avia-testimonial-image'  itemprop=\"image\" ><img decoding=\"async\" width=\"128\" height=\"128\" src=\"https:\/\/www.prodata.de\/system\/wp-content\/uploads\/sites\/5\/2014\/03\/Best-Western.png\" class=\"attachment-square size-square\" alt=\"Logo von Best-Western\" srcset=\"https:\/\/www.prodata.de\/system\/wp-content\/uploads\/sites\/5\/2014\/03\/Best-Western.png 128w, https:\/\/www.prodata.de\/system\/wp-content\/uploads\/sites\/5\/2014\/03\/Best-Western-80x80.png 80w, https:\/\/www.prodata.de\/system\/wp-content\/uploads\/sites\/5\/2014\/03\/Best-Western-36x36.png 36w\" sizes=\"(max-width: 128px) 100vw, 128px\" \/><\/div><div class='avia-testimonial-content '><div class='avia-testimonial-markup-entry-content'  itemprop=\"text\" ><p>Wir arbeiten inzwischen seit 10 Jahren mit prodata erfolgreich zusammen und haben immer gute und schnelle L\u00f6sungen auf alle \u00c4nderungen und Anpassungen im Verlauf der Zeit gefunden.<\/p>\n<\/div><\/div><div class=\"avia-testimonial-meta\"><div class=\"avia-testimonial-arrow-wrap\"><div class=\"avia-arrow\"><\/div><\/div><div class='avia-testimonial-meta-mini'  itemprop=\"author\" itemscope=\"itemscope\" itemtype=\"https:\/\/schema.org\/Person\" ><strong  class='avia-testimonial-name'  itemprop=\"name\" >Ira Muffler<\/strong><span  class='avia-testimonial-subtitle '  itemprop=\"jobTitle\" >Koordinatorin Servicequalit\u00e4t, Best Western Hotels Deutschland<\/span><\/div><\/div><\/div><\/div>\n<div class='avia-testimonial av-gc4lo13-5de5040063dcf78d2dd1a383c5ca5239 avia-testimonial-row-6 avia-last-testimonial flex_column no_margin av_one_half'><div class='avia-testimonial_inner'  itemscope=\"itemscope\" itemtype=\"https:\/\/schema.org\/CreativeWork\" ><div class='avia-testimonial-image'  itemprop=\"image\" ><img decoding=\"async\" width=\"128\" height=\"128\" src=\"https:\/\/www.prodata.de\/system\/wp-content\/uploads\/sites\/5\/2016\/01\/Herder.png\" class=\"attachment-square size-square\" alt=\"\" srcset=\"https:\/\/www.prodata.de\/system\/wp-content\/uploads\/sites\/5\/2016\/01\/Herder.png 128w, https:\/\/www.prodata.de\/system\/wp-content\/uploads\/sites\/5\/2016\/01\/Herder-80x80.png 80w, https:\/\/www.prodata.de\/system\/wp-content\/uploads\/sites\/5\/2016\/01\/Herder-36x36.png 36w\" sizes=\"(max-width: 128px) 100vw, 128px\" \/><\/div><div class='avia-testimonial-content '><div class='avia-testimonial-markup-entry-content'  itemprop=\"text\" ><p>Wir haben PRODATA schon wiederholt beauftragt und sind daher schon l\u00e4nger in Kontakt. Die Ergebnisse sind immer sehr gut!<\/p>\n<\/div><\/div><div class=\"avia-testimonial-meta\"><div class=\"avia-testimonial-arrow-wrap\"><div class=\"avia-arrow\"><\/div><\/div><div class='avia-testimonial-meta-mini'  itemprop=\"author\" itemscope=\"itemscope\" itemtype=\"https:\/\/schema.org\/Person\" ><strong  class='avia-testimonial-name'  itemprop=\"name\" >Clemens Klein<\/strong><span  class='avia-testimonial-subtitle '  itemprop=\"jobTitle\" >Database-Management, Verlag Herder GmbH<\/span><\/div><\/div><\/div><\/div><\/section>\n<section class=\"avia-testimonial-row\"><div class='avia-testimonial av-fsqtn1j-78b1c439d313480f523b45ea196d90bf avia-testimonial-row-7 avia-first-testimonial flex_column no_margin av_one_half'><div class='avia-testimonial_inner'  itemscope=\"itemscope\" itemtype=\"https:\/\/schema.org\/CreativeWork\" ><div class='avia-testimonial-image'  itemprop=\"image\" ><img decoding=\"async\" width=\"128\" height=\"128\" src=\"https:\/\/www.prodata.de\/system\/wp-content\/uploads\/sites\/5\/2016\/01\/SBK.png\" class=\"attachment-square size-square\" alt=\"\" srcset=\"https:\/\/www.prodata.de\/system\/wp-content\/uploads\/sites\/5\/2016\/01\/SBK.png 128w, https:\/\/www.prodata.de\/system\/wp-content\/uploads\/sites\/5\/2016\/01\/SBK-80x80.png 80w, https:\/\/www.prodata.de\/system\/wp-content\/uploads\/sites\/5\/2016\/01\/SBK-36x36.png 36w\" sizes=\"(max-width: 128px) 100vw, 128px\" \/><\/div><div class='avia-testimonial-content '><div class='avia-testimonial-markup-entry-content'  itemprop=\"text\" ><p>Wir sind mit PRODATA sehr zufrieden. Unser Auftrag wurde schnell, sehr schnell ausgef\u00fchrt!<\/p>\n<\/div><\/div><div class=\"avia-testimonial-meta\"><div class=\"avia-testimonial-arrow-wrap\"><div class=\"avia-arrow\"><\/div><\/div><div class='avia-testimonial-meta-mini'  itemprop=\"author\" itemscope=\"itemscope\" itemtype=\"https:\/\/schema.org\/Person\" ><strong  class='avia-testimonial-name'  itemprop=\"name\" >Sandro Renk<\/strong><span  class='avia-testimonial-subtitle '  itemprop=\"jobTitle\" >ITS Infrastruktur-Management, SBK Siemens-Betriebskrankenkasse<\/span><\/div><\/div><\/div><\/div>\n<div class='avia-testimonial av-ffdejaf-64974d25ae1353047ec2703f80fa3284 avia-testimonial-row-7 avia-last-testimonial flex_column no_margin av_one_half'><div class='avia-testimonial_inner'  itemscope=\"itemscope\" itemtype=\"https:\/\/schema.org\/CreativeWork\" ><div class='avia-testimonial-image'  itemprop=\"image\" ><img decoding=\"async\" width=\"128\" height=\"128\" src=\"https:\/\/www.prodata.de\/system\/wp-content\/uploads\/sites\/5\/2016\/05\/ImmoScout-1.png\" class=\"attachment-square size-square\" alt=\"\" srcset=\"https:\/\/www.prodata.de\/system\/wp-content\/uploads\/sites\/5\/2016\/05\/ImmoScout-1.png 128w, https:\/\/www.prodata.de\/system\/wp-content\/uploads\/sites\/5\/2016\/05\/ImmoScout-1-80x80.png 80w, https:\/\/www.prodata.de\/system\/wp-content\/uploads\/sites\/5\/2016\/05\/ImmoScout-1-36x36.png 36w\" sizes=\"(max-width: 128px) 100vw, 128px\" \/><\/div><div class='avia-testimonial-content '><div class='avia-testimonial-markup-entry-content'  itemprop=\"text\" ><p>Wir k\u00f6nnen stolz auf eine langj\u00e4hrige und erfolgreiche Zusammenarbeit mit PRODATA blicken. Die Auftragsabwicklung war immer schnell und unkompliziert und zu unserer gr\u00f6\u00dften Zufriedenheit.<\/p>\n<\/div><\/div><div class=\"avia-testimonial-meta\"><div class=\"avia-testimonial-arrow-wrap\"><div class=\"avia-arrow\"><\/div><\/div><div class='avia-testimonial-meta-mini'  itemprop=\"author\" itemscope=\"itemscope\" itemtype=\"https:\/\/schema.org\/Person\" ><strong  class='avia-testimonial-name'  itemprop=\"name\" >Herr Knoch<\/strong><span  class='avia-testimonial-subtitle '  itemprop=\"jobTitle\" >Senior CRM Manager, Immobilien Scout GmbH<\/span><\/div><\/div><\/div><\/div><\/section>\n<section class=\"avia-testimonial-row\"><div class='avia-testimonial av-ez9v71j-76955759fdbfb24304e6d7946a28a11a avia-testimonial-row-8 avia-first-testimonial flex_column no_margin av_one_half'><div class='avia-testimonial_inner'  itemscope=\"itemscope\" itemtype=\"https:\/\/schema.org\/CreativeWork\" ><div class='avia-testimonial-image'  itemprop=\"image\" ><img decoding=\"async\" width=\"180\" height=\"180\" src=\"https:\/\/www.prodata.de\/system\/wp-content\/uploads\/sites\/5\/2016\/04\/Kundenkarte-180x180.jpg\" class=\"attachment-square size-square\" alt=\"Bonuskarte steigert den Umsatz\" srcset=\"https:\/\/www.prodata.de\/system\/wp-content\/uploads\/sites\/5\/2016\/04\/Kundenkarte-180x180.jpg 180w, https:\/\/www.prodata.de\/system\/wp-content\/uploads\/sites\/5\/2016\/04\/Kundenkarte-80x80.jpg 80w, https:\/\/www.prodata.de\/system\/wp-content\/uploads\/sites\/5\/2016\/04\/Kundenkarte-36x36.jpg 36w\" sizes=\"(max-width: 180px) 100vw, 180px\" \/><\/div><div class='avia-testimonial-content '><div class='avia-testimonial-markup-entry-content'  itemprop=\"text\" ><p>Wir sch\u00e4tzen Sie und Ihre Arbeit sehr!<\/p>\n<\/div><\/div><div class=\"avia-testimonial-meta\"><div class=\"avia-testimonial-arrow-wrap\"><div class=\"avia-arrow\"><\/div><\/div><div class='avia-testimonial-meta-mini'  itemprop=\"author\" itemscope=\"itemscope\" itemtype=\"https:\/\/schema.org\/Person\" ><strong  class='avia-testimonial-name'  itemprop=\"name\" >Harald M.<\/strong><span  class='avia-testimonial-subtitle '  itemprop=\"jobTitle\" >Managing Director - namhafter Kundenbindungsclub<\/span><\/div><\/div><\/div><\/div>\n<div class='avia-testimonial av-ec8qy07-b51814fb3e12c458b7b7f36928c1afee avia-testimonial-row-8 avia-last-testimonial flex_column no_margin av_one_half'><div class='avia-testimonial_inner'  itemscope=\"itemscope\" itemtype=\"https:\/\/schema.org\/CreativeWork\" ><div class='avia-testimonial-image'  itemprop=\"image\" ><img decoding=\"async\" width=\"128\" height=\"128\" src=\"https:\/\/www.prodata.de\/system\/wp-content\/uploads\/sites\/5\/2016\/01\/VBL.png\" class=\"attachment-square size-square\" alt=\"\" srcset=\"https:\/\/www.prodata.de\/system\/wp-content\/uploads\/sites\/5\/2016\/01\/VBL.png 128w, https:\/\/www.prodata.de\/system\/wp-content\/uploads\/sites\/5\/2016\/01\/VBL-80x80.png 80w, https:\/\/www.prodata.de\/system\/wp-content\/uploads\/sites\/5\/2016\/01\/VBL-36x36.png 36w\" sizes=\"(max-width: 128px) 100vw, 128px\" \/><\/div><div class='avia-testimonial-content '><div class='avia-testimonial-markup-entry-content'  itemprop=\"text\" ><p>Die Zusammenarbeit mit PRODATA ist einwandfrei. Die Projektmanager sind sehr aufmerksam und finden auf alles eine brauchbare Antwort.<\/p>\n<\/div><\/div><div class=\"avia-testimonial-meta\"><div class=\"avia-testimonial-arrow-wrap\"><div class=\"avia-arrow\"><\/div><\/div><div class='avia-testimonial-meta-mini'  itemprop=\"author\" itemscope=\"itemscope\" itemtype=\"https:\/\/schema.org\/Person\" ><strong  class='avia-testimonial-name'  itemprop=\"name\" >Thomas Wei\u00df<\/strong><span  class='avia-testimonial-subtitle '  itemprop=\"jobTitle\" >Teamleiter Arbeitgeberservice, VBL Versorgungsanstalt des Bundes und der L\u00e4nder<\/span><\/div><\/div><\/div><\/div><\/section>\n<section class=\"avia-testimonial-row\"><div class='avia-testimonial av-e54oepz-164d938bcc04bb25ab8d0806e4a658b6 avia-testimonial-row-9 avia-first-testimonial flex_column no_margin av_one_half'><div class='avia-testimonial_inner'  itemscope=\"itemscope\" itemtype=\"https:\/\/schema.org\/CreativeWork\" ><div class='avia-testimonial-image'  itemprop=\"image\" ><img decoding=\"async\" width=\"128\" height=\"128\" src=\"https:\/\/www.prodata.de\/system\/wp-content\/uploads\/sites\/5\/2015\/11\/Trumof.png\" class=\"attachment-square size-square\" alt=\"Trumpf\" srcset=\"https:\/\/www.prodata.de\/system\/wp-content\/uploads\/sites\/5\/2015\/11\/Trumof.png 128w, https:\/\/www.prodata.de\/system\/wp-content\/uploads\/sites\/5\/2015\/11\/Trumof-80x80.png 80w, https:\/\/www.prodata.de\/system\/wp-content\/uploads\/sites\/5\/2015\/11\/Trumof-36x36.png 36w\" sizes=\"(max-width: 128px) 100vw, 128px\" \/><\/div><div class='avia-testimonial-content '><div class='avia-testimonial-markup-entry-content'  itemprop=\"text\" ><p>Die Verarbeitung der Daten durch PRODATA erleichtert uns sehr die Arbeit. Es wird immer das Beste herausgeholt.<\/p>\n<\/div><\/div><div class=\"avia-testimonial-meta\"><div class=\"avia-testimonial-arrow-wrap\"><div class=\"avia-arrow\"><\/div><\/div><div class='avia-testimonial-meta-mini'  itemprop=\"author\" itemscope=\"itemscope\" itemtype=\"https:\/\/schema.org\/Person\" ><strong  class='avia-testimonial-name'  itemprop=\"name\" >Gerda Schmider<\/strong><span  class='avia-testimonial-subtitle '  itemprop=\"jobTitle\" >Marketing, TRUMPF Gr\u00fcsch AG<\/span><\/div><\/div><\/div><\/div>\n<div class='avia-testimonial av-dgigorr-523d56d7b6090ae3252f214cbd881c50 avia-testimonial-row-9 avia-last-testimonial flex_column no_margin av_one_half'><div class='avia-testimonial_inner'  itemscope=\"itemscope\" itemtype=\"https:\/\/schema.org\/CreativeWork\" ><div class='avia-testimonial-image'  itemprop=\"image\" ><img decoding=\"async\" width=\"128\" height=\"128\" src=\"https:\/\/www.prodata.de\/system\/wp-content\/uploads\/sites\/5\/2016\/01\/Lensing.png\" class=\"attachment-square size-square\" alt=\"\" srcset=\"https:\/\/www.prodata.de\/system\/wp-content\/uploads\/sites\/5\/2016\/01\/Lensing.png 128w, https:\/\/www.prodata.de\/system\/wp-content\/uploads\/sites\/5\/2016\/01\/Lensing-80x80.png 80w, https:\/\/www.prodata.de\/system\/wp-content\/uploads\/sites\/5\/2016\/01\/Lensing-36x36.png 36w\" sizes=\"(max-width: 128px) 100vw, 128px\" \/><\/div><div class='avia-testimonial-content '><div class='avia-testimonial-markup-entry-content'  itemprop=\"text\" ><p>Wir sind insgesamt mit PRODATA sehr zufrieden.<br \/>\nDie Datenqualit\u00e4t ist sehr gut und die Bearbeitung geht sehr z\u00fcgig.<\/p>\n<\/div><\/div><div class=\"avia-testimonial-meta\"><div class=\"avia-testimonial-arrow-wrap\"><div class=\"avia-arrow\"><\/div><\/div><div class='avia-testimonial-meta-mini'  itemprop=\"author\" itemscope=\"itemscope\" itemtype=\"https:\/\/schema.org\/Person\" ><strong  class='avia-testimonial-name'  itemprop=\"name\" >Benjamin Knebel<\/strong><span  class='avia-testimonial-subtitle '  itemprop=\"jobTitle\" >Vertriebscontrolling, Medienhaus Lensing Verlag Lensing-Wolff GmbH & Co. KG<\/span><\/div><\/div><\/div><\/div><\/section>\n<section class=\"avia-testimonial-row\"><div class='avia-testimonial av-d79ainb-33ad9fa8a98fd197c85be9592edd6ff9 avia-testimonial-row-10 avia-first-testimonial flex_column no_margin av_one_half'><div class='avia-testimonial_inner'  itemscope=\"itemscope\" itemtype=\"https:\/\/schema.org\/CreativeWork\" ><div class='avia-testimonial-image'  itemprop=\"image\" ><img decoding=\"async\" width=\"128\" height=\"128\" src=\"https:\/\/www.prodata.de\/system\/wp-content\/uploads\/sites\/5\/2014\/04\/Swatch.png\" class=\"attachment-square size-square\" alt=\"Logo von Swatch\" srcset=\"https:\/\/www.prodata.de\/system\/wp-content\/uploads\/sites\/5\/2014\/04\/Swatch.png 128w, https:\/\/www.prodata.de\/system\/wp-content\/uploads\/sites\/5\/2014\/04\/Swatch-80x80.png 80w, https:\/\/www.prodata.de\/system\/wp-content\/uploads\/sites\/5\/2014\/04\/Swatch-36x36.png 36w\" sizes=\"(max-width: 128px) 100vw, 128px\" \/><\/div><div class='avia-testimonial-content '><div class='avia-testimonial-markup-entry-content'  itemprop=\"text\" ><p>Es wurde alles sehr sauber bearbeitet. Auch die Geschwindigkeit hat das Swatch Team \u00fcberzeugt.<\/p>\n<\/div><\/div><div class=\"avia-testimonial-meta\"><div class=\"avia-testimonial-arrow-wrap\"><div class=\"avia-arrow\"><\/div><\/div><div class='avia-testimonial-meta-mini'  itemprop=\"author\" itemscope=\"itemscope\" itemtype=\"https:\/\/schema.org\/Person\" ><strong  class='avia-testimonial-name'  itemprop=\"name\" >Walter K\u00fcpfer<\/strong><span  class='avia-testimonial-subtitle '  itemprop=\"jobTitle\" >Assistant Swatch Retail, Swatch AG<\/span><\/div><\/div><\/div><\/div>\n<div class='avia-testimonial av-clokeuf-3e741c22fc0d7c8883613b9986a87121 avia-testimonial-row-10 avia-last-testimonial flex_column no_margin av_one_half'><div class='avia-testimonial_inner'  itemscope=\"itemscope\" itemtype=\"https:\/\/schema.org\/CreativeWork\" ><div class='avia-testimonial-image'  itemprop=\"image\" ><img decoding=\"async\" width=\"128\" height=\"128\" src=\"https:\/\/www.prodata.de\/system\/wp-content\/uploads\/sites\/5\/2016\/01\/Prisma.png\" class=\"attachment-square size-square\" alt=\"\" srcset=\"https:\/\/www.prodata.de\/system\/wp-content\/uploads\/sites\/5\/2016\/01\/Prisma.png 128w, https:\/\/www.prodata.de\/system\/wp-content\/uploads\/sites\/5\/2016\/01\/Prisma-80x80.png 80w, https:\/\/www.prodata.de\/system\/wp-content\/uploads\/sites\/5\/2016\/01\/Prisma-36x36.png 36w\" sizes=\"(max-width: 128px) 100vw, 128px\" \/><\/div><div class='avia-testimonial-content '><div class='avia-testimonial-markup-entry-content'  itemprop=\"text\" ><p>PRODATA hat die Auswertungsprojekte zur vollsten Zufriedenheit, sowohl f\u00fcr uns als auch unseren Kunden ausgef\u00fchrt.<\/p>\n<\/div><\/div><div class=\"avia-testimonial-meta\"><div class=\"avia-testimonial-arrow-wrap\"><div class=\"avia-arrow\"><\/div><\/div><div class='avia-testimonial-meta-mini'  itemprop=\"author\" itemscope=\"itemscope\" itemtype=\"https:\/\/schema.org\/Person\" ><strong  class='avia-testimonial-name'  itemprop=\"name\" >Armin Gr\u00f6tsch<\/strong><span  class='avia-testimonial-subtitle '  itemprop=\"jobTitle\" >Prokurist, Prisma Direkt GmbH<\/span><\/div><\/div><\/div><\/div><\/section>\n<section class=\"avia-testimonial-row\"><div class='avia-testimonial av-cb6kavb-ee04858aa3153e35f7b485f8fec52e50 avia-testimonial-row-11 avia-first-testimonial flex_column no_margin av_one_half'><div class='avia-testimonial_inner'  itemscope=\"itemscope\" itemtype=\"https:\/\/schema.org\/CreativeWork\" ><div class='avia-testimonial-image'  itemprop=\"image\" ><img decoding=\"async\" width=\"128\" height=\"128\" src=\"https:\/\/www.prodata.de\/system\/wp-content\/uploads\/sites\/5\/2016\/05\/Ergo-1.png\" class=\"attachment-square size-square\" alt=\"Ergo\" srcset=\"https:\/\/www.prodata.de\/system\/wp-content\/uploads\/sites\/5\/2016\/05\/Ergo-1.png 128w, https:\/\/www.prodata.de\/system\/wp-content\/uploads\/sites\/5\/2016\/05\/Ergo-1-80x80.png 80w, https:\/\/www.prodata.de\/system\/wp-content\/uploads\/sites\/5\/2016\/05\/Ergo-1-36x36.png 36w\" sizes=\"(max-width: 128px) 100vw, 128px\" \/><\/div><div class='avia-testimonial-content '><div class='avia-testimonial-markup-entry-content'  itemprop=\"text\" ><p>Zur gemeinsamen Zusammenarbeit m\u00f6chte ich anmerken, dass alles wirklich reibungslos funktioniert hat. Vielen Dank daf\u00fcr! Wir sind mit dem Ergebnis sehr zufrieden.<\/p>\n<\/div><\/div><div class=\"avia-testimonial-meta\"><div class=\"avia-testimonial-arrow-wrap\"><div class=\"avia-arrow\"><\/div><\/div><div class='avia-testimonial-meta-mini'  itemprop=\"author\" itemscope=\"itemscope\" itemtype=\"https:\/\/schema.org\/Person\" ><strong  class='avia-testimonial-name'  itemprop=\"name\" >Beate Schneider<\/strong><span  class='avia-testimonial-subtitle '  itemprop=\"jobTitle\" >Leitung Kundenservice, ERGO Lebensversicherung<\/span><\/div><\/div><\/div><\/div>\n<div class='avia-testimonial av-bptgjlz-52ffb1a0a264f891e70ef0d4f98286f2 avia-testimonial-row-11 avia-last-testimonial flex_column no_margin av_one_half'><div class='avia-testimonial_inner'  itemscope=\"itemscope\" itemtype=\"https:\/\/schema.org\/CreativeWork\" ><div class='avia-testimonial-image'  itemprop=\"image\" ><img decoding=\"async\" width=\"128\" height=\"128\" src=\"https:\/\/www.prodata.de\/system\/wp-content\/uploads\/sites\/5\/2015\/11\/SOS-Kinderdorf.png\" class=\"attachment-square size-square\" alt=\"Logo von SOS-Kinderdorf\" srcset=\"https:\/\/www.prodata.de\/system\/wp-content\/uploads\/sites\/5\/2015\/11\/SOS-Kinderdorf.png 128w, https:\/\/www.prodata.de\/system\/wp-content\/uploads\/sites\/5\/2015\/11\/SOS-Kinderdorf-80x80.png 80w, https:\/\/www.prodata.de\/system\/wp-content\/uploads\/sites\/5\/2015\/11\/SOS-Kinderdorf-36x36.png 36w\" sizes=\"(max-width: 128px) 100vw, 128px\" \/><\/div><div class='avia-testimonial-content '><div class='avia-testimonial-markup-entry-content'  itemprop=\"text\" ><p>Wir haben PRODATA schon des \u00d6fteren beauftragt. Wir sind mit dem Ablauf immer sehr zufrieden. Die Bearbeitung geht z\u00fcgig und die Qualit\u00e4t der Arbeit ist immer sehr gut.<\/p>\n<\/div><\/div><div class=\"avia-testimonial-meta\"><div class=\"avia-testimonial-arrow-wrap\"><div class=\"avia-arrow\"><\/div><\/div><div class='avia-testimonial-meta-mini'  itemprop=\"author\" itemscope=\"itemscope\" itemtype=\"https:\/\/schema.org\/Person\" ><strong  class='avia-testimonial-name'  itemprop=\"name\" >Jeanine von Lacroix<\/strong><span  class='avia-testimonial-subtitle '  itemprop=\"jobTitle\" >Vetrieb und Vermarktungsmanagement, SOS-Kinderd\u00f6rfer weltweit<\/span><\/div><\/div><\/div><\/div><\/section>\n<section class=\"avia-testimonial-row\"><div class='avia-testimonial av-b92n5lz-870e79c23476f6b9fa987078b08d85ae avia-testimonial-row-12 avia-first-testimonial flex_column no_margin av_one_half'><div class='avia-testimonial_inner'  itemscope=\"itemscope\" itemtype=\"https:\/\/schema.org\/CreativeWork\" ><div class='avia-testimonial-image'  itemprop=\"image\" ><img decoding=\"async\" width=\"128\" height=\"128\" src=\"https:\/\/www.prodata.de\/system\/wp-content\/uploads\/sites\/5\/2015\/11\/swiss-milk.png\" class=\"attachment-square size-square\" alt=\"das Logo von swiss-milk\" srcset=\"https:\/\/www.prodata.de\/system\/wp-content\/uploads\/sites\/5\/2015\/11\/swiss-milk.png 128w, https:\/\/www.prodata.de\/system\/wp-content\/uploads\/sites\/5\/2015\/11\/swiss-milk-80x80.png 80w, https:\/\/www.prodata.de\/system\/wp-content\/uploads\/sites\/5\/2015\/11\/swiss-milk-36x36.png 36w\" sizes=\"(max-width: 128px) 100vw, 128px\" \/><\/div><div class='avia-testimonial-content '><div class='avia-testimonial-markup-entry-content'  itemprop=\"text\" ><p>Mit PRODATA klappt die Auftragsdurchf\u00fchrung immer hervorragend,<br \/>\ndie Datenqualit\u00e4t ist sehr gut. Wir sind rund um zufrieden.<\/p>\n<\/div><\/div><div class=\"avia-testimonial-meta\"><div class=\"avia-testimonial-arrow-wrap\"><div class=\"avia-arrow\"><\/div><\/div><div class='avia-testimonial-meta-mini'  itemprop=\"author\" itemscope=\"itemscope\" itemtype=\"https:\/\/schema.org\/Person\" ><strong  class='avia-testimonial-name'  itemprop=\"name\" >Tom Weiss<\/strong><span  class='avia-testimonial-subtitle '  itemprop=\"jobTitle\" >Leiter Marketing-Datacenter, Schweizer Milchproduzenten SMP<\/span><\/div><\/div><\/div><\/div>\n<div class='avia-testimonial av-an3osg7-0bc4c3f073f1a51b6922b77be4ffb066 avia-testimonial-row-12 avia-last-testimonial flex_column no_margin av_one_half'><div class='avia-testimonial_inner'  itemscope=\"itemscope\" itemtype=\"https:\/\/schema.org\/CreativeWork\" ><div class='avia-testimonial-image'  itemprop=\"image\" ><img decoding=\"async\" width=\"128\" height=\"128\" src=\"https:\/\/www.prodata.de\/system\/wp-content\/uploads\/sites\/5\/2014\/04\/Sinziger.png\" class=\"attachment-square size-square\" alt=\"Logo von Sinziger\" srcset=\"https:\/\/www.prodata.de\/system\/wp-content\/uploads\/sites\/5\/2014\/04\/Sinziger.png 128w, https:\/\/www.prodata.de\/system\/wp-content\/uploads\/sites\/5\/2014\/04\/Sinziger-80x80.png 80w, https:\/\/www.prodata.de\/system\/wp-content\/uploads\/sites\/5\/2014\/04\/Sinziger-36x36.png 36w\" sizes=\"(max-width: 128px) 100vw, 128px\" \/><\/div><div class='avia-testimonial-content '><div class='avia-testimonial-markup-entry-content'  itemprop=\"text\" ><p>Mit der Kommunikation waren wir besonders zufrieden, auch wurden wir kompetent betreut und beraten. In Zukunft k\u00f6nnen wir uns auch durchaus weitere Projekte mit PRODATA vorstellen.<\/p>\n<\/div><\/div><div class=\"avia-testimonial-meta\"><div class=\"avia-testimonial-arrow-wrap\"><div class=\"avia-arrow\"><\/div><\/div><div class='avia-testimonial-meta-mini'  itemprop=\"author\" itemscope=\"itemscope\" itemtype=\"https:\/\/schema.org\/Person\" ><strong  class='avia-testimonial-name'  itemprop=\"name\" >Astrid K\u00f6ppe<\/strong><span  class='avia-testimonial-subtitle '  itemprop=\"jobTitle\" >Leiterin Marketing, Sinziger Mineralbrunnen GmbH<\/span><\/div><\/div><\/div><\/div><\/section>\n<section class=\"avia-testimonial-row\"><div class='avia-testimonial av-aapoz6v-979d4b1ce5adf119141240f19bd557f9 avia-testimonial-row-13 avia-first-testimonial flex_column no_margin av_one_half'><div class='avia-testimonial_inner'  itemscope=\"itemscope\" itemtype=\"https:\/\/schema.org\/CreativeWork\" ><div class='avia-testimonial-image'  itemprop=\"image\" ><img decoding=\"async\" width=\"180\" height=\"180\" src=\"https:\/\/www.prodata.de\/system\/wp-content\/uploads\/sites\/5\/2016\/01\/Gemeinschaftswerk-der-Evangelischen-Publizistik-gGmbH-160-180x180.png\" class=\"attachment-square size-square\" alt=\"\" srcset=\"https:\/\/www.prodata.de\/system\/wp-content\/uploads\/sites\/5\/2016\/01\/Gemeinschaftswerk-der-Evangelischen-Publizistik-gGmbH-160-180x180.png 180w, https:\/\/www.prodata.de\/system\/wp-content\/uploads\/sites\/5\/2016\/01\/Gemeinschaftswerk-der-Evangelischen-Publizistik-gGmbH-160-80x80.png 80w, https:\/\/www.prodata.de\/system\/wp-content\/uploads\/sites\/5\/2016\/01\/Gemeinschaftswerk-der-Evangelischen-Publizistik-gGmbH-160-36x36.png 36w, https:\/\/www.prodata.de\/system\/wp-content\/uploads\/sites\/5\/2016\/01\/Gemeinschaftswerk-der-Evangelischen-Publizistik-gGmbH-160.png 200w\" sizes=\"(max-width: 180px) 100vw, 180px\" \/><\/div><div class='avia-testimonial-content '><div class='avia-testimonial-markup-entry-content'  itemprop=\"text\" ><p>Aufgrund einer Empfehlung, haben wir uns f\u00fcr PRODATA entschieden. Wir haben unsere Entscheidung nicht bereut \u2013 die Beratung ist sehr gut und die Auftr\u00e4ge werden innerhalb der Zeitplanung eingehalten. Ich kann PRODATA sofort und ohne Einschr\u00e4nkungen weiterempfehlen.<\/p>\n<\/div><\/div><div class=\"avia-testimonial-meta\"><div class=\"avia-testimonial-arrow-wrap\"><div class=\"avia-arrow\"><\/div><\/div><div class='avia-testimonial-meta-mini'  itemprop=\"author\" itemscope=\"itemscope\" itemtype=\"https:\/\/schema.org\/Person\" ><strong  class='avia-testimonial-name'  itemprop=\"name\" >Bernd Hummel<\/strong><span  class='avia-testimonial-subtitle '  itemprop=\"jobTitle\" >Leiter Kundenservice, Gemeinschaftswerk der Evangelischen Publizistik gGmbH<\/span><\/div><\/div><\/div><\/div>\n<div class='avia-testimonial av-9zferzb-cdd354f6e595e613dc889b7d8a10097c avia-testimonial-row-13 avia-last-testimonial flex_column no_margin av_one_half'><div class='avia-testimonial_inner'  itemscope=\"itemscope\" itemtype=\"https:\/\/schema.org\/CreativeWork\" ><div class='avia-testimonial-image'  itemprop=\"image\" ><img decoding=\"async\" width=\"128\" height=\"128\" src=\"https:\/\/www.prodata.de\/system\/wp-content\/uploads\/sites\/5\/2016\/01\/JP-Kom.png\" class=\"attachment-square size-square\" alt=\"\" srcset=\"https:\/\/www.prodata.de\/system\/wp-content\/uploads\/sites\/5\/2016\/01\/JP-Kom.png 128w, https:\/\/www.prodata.de\/system\/wp-content\/uploads\/sites\/5\/2016\/01\/JP-Kom-80x80.png 80w, https:\/\/www.prodata.de\/system\/wp-content\/uploads\/sites\/5\/2016\/01\/JP-Kom-36x36.png 36w\" sizes=\"(max-width: 128px) 100vw, 128px\" \/><\/div><div class='avia-testimonial-content '><div class='avia-testimonial-markup-entry-content'  itemprop=\"text\" ><p>Die Bearbeitung unseres Auftrages erfolgte schnell und im kurzen Zeitraum.<\/p>\n<\/div><\/div><div class=\"avia-testimonial-meta\"><div class=\"avia-testimonial-arrow-wrap\"><div class=\"avia-arrow\"><\/div><\/div><div class='avia-testimonial-meta-mini'  itemprop=\"author\" itemscope=\"itemscope\" itemtype=\"https:\/\/schema.org\/Person\" ><strong  class='avia-testimonial-name'  itemprop=\"name\" >Frau Kleine-Kalmer<\/strong><span  class='avia-testimonial-subtitle '  itemprop=\"jobTitle\" >Leiterin Marketing, JP|Kom GmbH<\/span><\/div><\/div><\/div><\/div><\/section>\n<section class=\"avia-testimonial-row\"><div class='avia-testimonial av-99cx747-66b9e5489afe4c2e4e1f691ce35b2c8a avia-testimonial-row-14 avia-first-testimonial flex_column no_margin av_one_half'><div class='avia-testimonial_inner'  itemscope=\"itemscope\" itemtype=\"https:\/\/schema.org\/CreativeWork\" ><div class='avia-testimonial-image'  itemprop=\"image\" ><img decoding=\"async\" width=\"128\" height=\"128\" src=\"https:\/\/www.prodata.de\/system\/wp-content\/uploads\/sites\/5\/2015\/11\/Broetje.png\" class=\"attachment-square size-square\" alt=\"Br\u00f6tje\" srcset=\"https:\/\/www.prodata.de\/system\/wp-content\/uploads\/sites\/5\/2015\/11\/Broetje.png 128w, https:\/\/www.prodata.de\/system\/wp-content\/uploads\/sites\/5\/2015\/11\/Broetje-80x80.png 80w, https:\/\/www.prodata.de\/system\/wp-content\/uploads\/sites\/5\/2015\/11\/Broetje-36x36.png 36w\" sizes=\"(max-width: 128px) 100vw, 128px\" \/><\/div><div class='avia-testimonial-content '><div class='avia-testimonial-markup-entry-content'  itemprop=\"text\" ><p>Vielen Dank, PRODATA. Ich bin begeistert \u00fcber die schnelle und professionelle Umsetzung unseres Kundenbindungssystems.<\/p>\n<\/div><\/div><div class=\"avia-testimonial-meta\"><div class=\"avia-testimonial-arrow-wrap\"><div class=\"avia-arrow\"><\/div><\/div><div class='avia-testimonial-meta-mini'  itemprop=\"author\" itemscope=\"itemscope\" itemtype=\"https:\/\/schema.org\/Person\" ><strong  class='avia-testimonial-name'  itemprop=\"name\" >Ralf Hartmann<\/strong><span  class='avia-testimonial-subtitle '  itemprop=\"jobTitle\" >Projektmanager Loyalty, August Br\u00f6tje GmbH <\/span><\/div><\/div><\/div><\/div>\n<div class='avia-testimonial av-8y5z0w7-4584f1eda6379ac3d71e1b2fe5a2f75f avia-testimonial-row-14 avia-last-testimonial flex_column no_margin av_one_half'><div class='avia-testimonial_inner'  itemscope=\"itemscope\" itemtype=\"https:\/\/schema.org\/CreativeWork\" ><div class='avia-testimonial-image'  itemprop=\"image\" ><img decoding=\"async\" width=\"160\" height=\"160\" src=\"https:\/\/www.prodata.de\/system\/wp-content\/uploads\/sites\/5\/2016\/01\/Mammographie-140-2.png\" class=\"attachment-square size-square\" alt=\"\" srcset=\"https:\/\/www.prodata.de\/system\/wp-content\/uploads\/sites\/5\/2016\/01\/Mammographie-140-2.png 160w, https:\/\/www.prodata.de\/system\/wp-content\/uploads\/sites\/5\/2016\/01\/Mammographie-140-2-80x80.png 80w, https:\/\/www.prodata.de\/system\/wp-content\/uploads\/sites\/5\/2016\/01\/Mammographie-140-2-36x36.png 36w\" sizes=\"(max-width: 160px) 100vw, 160px\" \/><\/div><div class='avia-testimonial-content '><div class='avia-testimonial-markup-entry-content'  itemprop=\"text\" ><p>Die Fa. PRODATA hat eine ausgezeichnete, termingerechte und \u00e4u\u00dferst freundliche Dienstleistung erbracht. Der Kunde steht hier im Vordergrund.<\/p>\n<\/div><\/div><div class=\"avia-testimonial-meta\"><div class=\"avia-testimonial-arrow-wrap\"><div class=\"avia-arrow\"><\/div><\/div><div class='avia-testimonial-meta-mini'  itemprop=\"author\" itemscope=\"itemscope\" itemtype=\"https:\/\/schema.org\/Person\" ><strong  class='avia-testimonial-name'  itemprop=\"name\" >Marc Mehnert<\/strong><span  class='avia-testimonial-subtitle '  itemprop=\"jobTitle\" >Leiter Kundenservice, Mammographie Screening<\/span><\/div><\/div><\/div><\/div><\/section>\n<section class=\"avia-testimonial-row\"><div class='avia-testimonial av-8lxijk7-8460260e0cce245685bcf89dff6fae99 avia-testimonial-row-15 avia-first-testimonial flex_column no_margin av_one_half'><div class='avia-testimonial_inner'  itemscope=\"itemscope\" itemtype=\"https:\/\/schema.org\/CreativeWork\" ><div class='avia-testimonial-image'  itemprop=\"image\" ><img decoding=\"async\" width=\"128\" height=\"128\" src=\"https:\/\/www.prodata.de\/system\/wp-content\/uploads\/sites\/5\/2015\/11\/Kabel-Deutschland.png\" class=\"attachment-square size-square\" alt=\"das Kabel Deutschland Logo\" srcset=\"https:\/\/www.prodata.de\/system\/wp-content\/uploads\/sites\/5\/2015\/11\/Kabel-Deutschland.png 128w, https:\/\/www.prodata.de\/system\/wp-content\/uploads\/sites\/5\/2015\/11\/Kabel-Deutschland-80x80.png 80w, https:\/\/www.prodata.de\/system\/wp-content\/uploads\/sites\/5\/2015\/11\/Kabel-Deutschland-36x36.png 36w\" sizes=\"(max-width: 128px) 100vw, 128px\" \/><\/div><div class='avia-testimonial-content '><div class='avia-testimonial-markup-entry-content'  itemprop=\"text\" ><p>Mit den erbrachten Leistungen von PRODATA sind wir sehr zufrieden. Das Unternehmen PRODATA hat uns insbesondere mit den sehr guten Arbeitsergebnissen sowie hoher Flexibilit\u00e4t \u00fcberzeugt.<\/p>\n<\/div><\/div><div class=\"avia-testimonial-meta\"><div class=\"avia-testimonial-arrow-wrap\"><div class=\"avia-arrow\"><\/div><\/div><div class='avia-testimonial-meta-mini'  itemprop=\"author\" itemscope=\"itemscope\" itemtype=\"https:\/\/schema.org\/Person\" ><strong  class='avia-testimonial-name'  itemprop=\"name\" >Alexander F. Sragner<\/strong><span  class='avia-testimonial-subtitle '  itemprop=\"jobTitle\" >CIO, Kabel Deutschland GmbH<\/span><\/div><\/div><\/div><\/div>\n<div class='avia-testimonial av-7v0lpon-f625a614b9029e4acd281e1051200c37 avia-testimonial-row-15 avia-last-testimonial flex_column no_margin av_one_half'><div class='avia-testimonial_inner'  itemscope=\"itemscope\" itemtype=\"https:\/\/schema.org\/CreativeWork\" ><div class='avia-testimonial-image'  itemprop=\"image\" ><img decoding=\"async\" width=\"75\" height=\"65\" src=\"https:\/\/www.prodata.de\/system\/wp-content\/uploads\/sites\/5\/2010\/08\/festool.gif\" class=\"attachment-square size-square\" alt=\"\" \/><\/div><div class='avia-testimonial-content '><div class='avia-testimonial-markup-entry-content'  itemprop=\"text\" ><p>Mit Ihrem gesch\u00e4tzten Unternehmen stehen wir seit 1999 in angenehmer Gesch\u00e4ftsbeziehung. Die PRODATA Datenbanken und Informationssysteme GmbH hat sich hierbei als leistungsf\u00e4higer und kompetenter Partner erwiesen. Wir haben hohes Vertrauen und erwarten auch in Zukunft eine erfolgreiche Zusammenarbeit.<\/p>\n<\/div><\/div><div class=\"avia-testimonial-meta\"><div class=\"avia-testimonial-arrow-wrap\"><div class=\"avia-arrow\"><\/div><\/div><div class='avia-testimonial-meta-mini'  itemprop=\"author\" itemscope=\"itemscope\" itemtype=\"https:\/\/schema.org\/Person\" ><strong  class='avia-testimonial-name'  itemprop=\"name\" >Klaus Danner<\/strong><span  class='avia-testimonial-subtitle '  itemprop=\"jobTitle\" >Leiter Kundenkommunikation, Festool GmbH<\/span><\/div><\/div><\/div><\/div><\/section>\n<section class=\"avia-testimonial-row\"><div class='avia-testimonial av-7g7qr9j-09276db4d72baa0045149bd17c902a47 avia-testimonial-row-16 avia-first-testimonial flex_column no_margin av_one_half'><div class='avia-testimonial_inner'  itemscope=\"itemscope\" itemtype=\"https:\/\/schema.org\/CreativeWork\" ><div class='avia-testimonial-image'  itemprop=\"image\" ><img decoding=\"async\" width=\"160\" height=\"160\" src=\"https:\/\/www.prodata.de\/system\/wp-content\/uploads\/sites\/5\/2016\/01\/Physio-Deutschland-160.png\" class=\"attachment-square size-square\" alt=\"\" srcset=\"https:\/\/www.prodata.de\/system\/wp-content\/uploads\/sites\/5\/2016\/01\/Physio-Deutschland-160.png 160w, https:\/\/www.prodata.de\/system\/wp-content\/uploads\/sites\/5\/2016\/01\/Physio-Deutschland-160-80x80.png 80w, https:\/\/www.prodata.de\/system\/wp-content\/uploads\/sites\/5\/2016\/01\/Physio-Deutschland-160-36x36.png 36w\" sizes=\"(max-width: 160px) 100vw, 160px\" \/><\/div><div class='avia-testimonial-content '><div class='avia-testimonial-markup-entry-content'  itemprop=\"text\" ><p>F\u00fcr Ihr Engagement und Ihre Unterst\u00fctzung bei unserem Vorhaben m\u00f6chten wir<br \/>\nIhnen, auch im Namen des Vorstandes, sehr herzlich danken.<\/p>\n<\/div><\/div><div class=\"avia-testimonial-meta\"><div class=\"avia-testimonial-arrow-wrap\"><div class=\"avia-arrow\"><\/div><\/div><div class='avia-testimonial-meta-mini'  itemprop=\"author\" itemscope=\"itemscope\" itemtype=\"https:\/\/schema.org\/Person\" ><strong  class='avia-testimonial-name'  itemprop=\"name\" >Ursula C\u00fcppers-B\u00f6hle<\/strong><span  class='avia-testimonial-subtitle '  itemprop=\"jobTitle\" >Mitglied der Gesch\u00e4ftsf\u00fchrung, Deutscher Verband f\u00fcr Physiotherapie (ZVK) e.V.<\/span><\/div><\/div><\/div><\/div>\n<div class='avia-testimonial av-6zfwxjb-810db7909f3fc4273dbe282b867fc123 avia-testimonial-row-16 avia-last-testimonial flex_column no_margin av_one_half'><div class='avia-testimonial_inner'  itemscope=\"itemscope\" itemtype=\"https:\/\/schema.org\/CreativeWork\" ><div class='avia-testimonial-image'  itemprop=\"image\" ><img decoding=\"async\" width=\"128\" height=\"128\" src=\"https:\/\/www.prodata.de\/system\/wp-content\/uploads\/sites\/5\/2016\/01\/Blitzen.png\" class=\"attachment-square size-square\" alt=\"\" srcset=\"https:\/\/www.prodata.de\/system\/wp-content\/uploads\/sites\/5\/2016\/01\/Blitzen.png 128w, https:\/\/www.prodata.de\/system\/wp-content\/uploads\/sites\/5\/2016\/01\/Blitzen-80x80.png 80w, https:\/\/www.prodata.de\/system\/wp-content\/uploads\/sites\/5\/2016\/01\/Blitzen-36x36.png 36w\" sizes=\"(max-width: 128px) 100vw, 128px\" \/><\/div><div class='avia-testimonial-content '><div class='avia-testimonial-markup-entry-content'  itemprop=\"text\" ><p>Die gelieferte Datenqualit\u00e4t ist sehr gut. Wir sch\u00e4tzen die Arbeit von PRODATA und freuen uns auf eine weitere erfolgreiche Zusammenarbeit.<\/p>\n<\/div><\/div><div class=\"avia-testimonial-meta\"><div class=\"avia-testimonial-arrow-wrap\"><div class=\"avia-arrow\"><\/div><\/div><div class='avia-testimonial-meta-mini'  itemprop=\"author\" itemscope=\"itemscope\" itemtype=\"https:\/\/schema.org\/Person\" ><strong  class='avia-testimonial-name'  itemprop=\"name\" >Jan Woelcke<\/strong><span  class='avia-testimonial-subtitle '  itemprop=\"jobTitle\" >Inhaber und Gesch\u00e4ftsf\u00fchrer, BLITZEN GmbH & Co. KG<\/span><\/div><\/div><\/div><\/div><\/section>\n<section class=\"avia-testimonial-row\"><div class='avia-testimonial av-6urd46f-d820bfbcdb4296e902af26e4a76d775a avia-testimonial-row-17 avia-first-testimonial flex_column no_margin av_one_half'><div class='avia-testimonial_inner'  itemscope=\"itemscope\" itemtype=\"https:\/\/schema.org\/CreativeWork\" ><div class='avia-testimonial-image'  itemprop=\"image\" ><img decoding=\"async\" width=\"128\" height=\"128\" src=\"https:\/\/www.prodata.de\/system\/wp-content\/uploads\/sites\/5\/2013\/12\/Mueller.png\" class=\"attachment-square size-square\" alt=\"Logo von M\u00fcller\" srcset=\"https:\/\/www.prodata.de\/system\/wp-content\/uploads\/sites\/5\/2013\/12\/Mueller.png 128w, https:\/\/www.prodata.de\/system\/wp-content\/uploads\/sites\/5\/2013\/12\/Mueller-80x80.png 80w, https:\/\/www.prodata.de\/system\/wp-content\/uploads\/sites\/5\/2013\/12\/Mueller-36x36.png 36w\" sizes=\"(max-width: 128px) 100vw, 128px\" \/><\/div><div class='avia-testimonial-content '><div class='avia-testimonial-markup-entry-content'  itemprop=\"text\" ><p>Gerne best\u00e4tigen wir unsere erfolgreiche Zusammenarbeit. Mit der Durchf\u00fchrung unserer Projekte sind wir vollkommen zufrieden, weshalb wir auch k\u00fcnftig auf PRODATA vertrauen.<\/p>\n<\/div><\/div><div class=\"avia-testimonial-meta\"><div class=\"avia-testimonial-arrow-wrap\"><div class=\"avia-arrow\"><\/div><\/div><div class='avia-testimonial-meta-mini'  itemprop=\"author\" itemscope=\"itemscope\" itemtype=\"https:\/\/schema.org\/Person\" ><strong  class='avia-testimonial-name'  itemprop=\"name\" >Jennifer Stegmaier<\/strong><span  class='avia-testimonial-subtitle '  itemprop=\"jobTitle\" >Marketing, M\u00fcller Ltd. & Co. KG<\/span><\/div><\/div><\/div><\/div>\n<div class='avia-testimonial av-6869fbb-1fe73a2e0b134fa094e6cd8bc27229dd avia-testimonial-row-17 avia-last-testimonial flex_column no_margin av_one_half'><div class='avia-testimonial_inner'  itemscope=\"itemscope\" itemtype=\"https:\/\/schema.org\/CreativeWork\" ><div class='avia-testimonial-image'  itemprop=\"image\" ><img decoding=\"async\" width=\"128\" height=\"128\" src=\"https:\/\/www.prodata.de\/system\/wp-content\/uploads\/sites\/5\/2015\/11\/airberlin.png\" class=\"attachment-square size-square\" alt=\"Logo von airberlin\" srcset=\"https:\/\/www.prodata.de\/system\/wp-content\/uploads\/sites\/5\/2015\/11\/airberlin.png 128w, https:\/\/www.prodata.de\/system\/wp-content\/uploads\/sites\/5\/2015\/11\/airberlin-80x80.png 80w, https:\/\/www.prodata.de\/system\/wp-content\/uploads\/sites\/5\/2015\/11\/airberlin-36x36.png 36w\" sizes=\"(max-width: 128px) 100vw, 128px\" \/><\/div><div class='avia-testimonial-content '><div class='avia-testimonial-markup-entry-content'  itemprop=\"text\" ><p>Wir freuen uns auf die weitere Zusammenarbeit und k\u00f6nnen die PRODATA GmbH gerne uneingeschr\u00e4nkt weiterempfehlen.<\/p>\n<\/div><\/div><div class=\"avia-testimonial-meta\"><div class=\"avia-testimonial-arrow-wrap\"><div class=\"avia-arrow\"><\/div><\/div><div class='avia-testimonial-meta-mini'  itemprop=\"author\" itemscope=\"itemscope\" itemtype=\"https:\/\/schema.org\/Person\" ><strong  class='avia-testimonial-name'  itemprop=\"name\" >Caroline Paschvo\u00df<\/strong><span  class='avia-testimonial-subtitle '  itemprop=\"jobTitle\" >Manager Research, Air Berlin<\/span><\/div><\/div><\/div><\/div><\/section>\n<section class=\"avia-testimonial-row\"><div class='avia-testimonial av-5nmbwp3-5606a8126cb2f17ee20e53797a139aba avia-testimonial-row-18 avia-first-testimonial flex_column no_margin av_one_half'><div class='avia-testimonial_inner'  itemscope=\"itemscope\" itemtype=\"https:\/\/schema.org\/CreativeWork\" ><div class='avia-testimonial-image'  itemprop=\"image\" ><img decoding=\"async\" width=\"128\" height=\"128\" src=\"https:\/\/www.prodata.de\/system\/wp-content\/uploads\/sites\/5\/2016\/05\/Polea-1.png\" class=\"attachment-square size-square\" alt=\"das Logo von Polea\" srcset=\"https:\/\/www.prodata.de\/system\/wp-content\/uploads\/sites\/5\/2016\/05\/Polea-1.png 128w, https:\/\/www.prodata.de\/system\/wp-content\/uploads\/sites\/5\/2016\/05\/Polea-1-80x80.png 80w, https:\/\/www.prodata.de\/system\/wp-content\/uploads\/sites\/5\/2016\/05\/Polea-1-36x36.png 36w\" sizes=\"(max-width: 128px) 100vw, 128px\" \/><\/div><div class='avia-testimonial-content '><div class='avia-testimonial-markup-entry-content'  itemprop=\"text\" ><p>Mit PRODATA haben wir genau den richtigen Dienstleister gefunden. Wir profitieren von intelligenten L\u00f6sungen, mit denen wir nachhaltig sehr zufrieden sind.<\/p>\n<\/div><\/div><div class=\"avia-testimonial-meta\"><div class=\"avia-testimonial-arrow-wrap\"><div class=\"avia-arrow\"><\/div><\/div><div class='avia-testimonial-meta-mini'  itemprop=\"author\" itemscope=\"itemscope\" itemtype=\"https:\/\/schema.org\/Person\" ><strong  class='avia-testimonial-name'  itemprop=\"name\" >Dipl.-Psych. Dr. phil. Thomas Kornbichler<\/strong><span  class='avia-testimonial-subtitle '  itemprop=\"jobTitle\" >Gesch\u00e4ftsf\u00fchrer und Inhaber, POLEA<\/span><\/div><\/div><\/div><\/div>\n<div class='avia-testimonial av-5drb4o7-f32f8a61b2a4ff70e5c7ebc54a7fb460 avia-testimonial-row-18 avia-last-testimonial flex_column no_margin av_one_half'><div class='avia-testimonial_inner'  itemscope=\"itemscope\" itemtype=\"https:\/\/schema.org\/CreativeWork\" ><div class='avia-testimonial-image'  itemprop=\"image\" ><img decoding=\"async\" width=\"180\" height=\"180\" src=\"https:\/\/www.prodata.de\/system\/wp-content\/uploads\/sites\/5\/2016\/04\/Kundenkarte-180x180.jpg\" class=\"attachment-square size-square\" alt=\"Bonuskarte steigert den Umsatz\" srcset=\"https:\/\/www.prodata.de\/system\/wp-content\/uploads\/sites\/5\/2016\/04\/Kundenkarte-180x180.jpg 180w, https:\/\/www.prodata.de\/system\/wp-content\/uploads\/sites\/5\/2016\/04\/Kundenkarte-80x80.jpg 80w, https:\/\/www.prodata.de\/system\/wp-content\/uploads\/sites\/5\/2016\/04\/Kundenkarte-36x36.jpg 36w\" sizes=\"(max-width: 180px) 100vw, 180px\" \/><\/div><div class='avia-testimonial-content '><div class='avia-testimonial-markup-entry-content'  itemprop=\"text\" ><p>Bei der Entscheidung f\u00fcr PRODATA war uns die Erfahrung im Bereich der Konzeption und Programmierung internetbasierter Softwarel\u00f6sungen besonders wichtig.<\/p>\n<\/div><\/div><div class=\"avia-testimonial-meta\"><div class=\"avia-testimonial-arrow-wrap\"><div class=\"avia-arrow\"><\/div><\/div><div class='avia-testimonial-meta-mini'  itemprop=\"author\" itemscope=\"itemscope\" itemtype=\"https:\/\/schema.org\/Person\" ><strong  class='avia-testimonial-name'  itemprop=\"name\" >Martin S. <\/strong><span  class='avia-testimonial-subtitle '  itemprop=\"jobTitle\" >Kundenservice-Leiter namhafter dt. Kundenclub<\/span><\/div><\/div><\/div><\/div><\/section>\n<section class=\"avia-testimonial-row\"><div class='avia-testimonial av-4zrdu93-b7a9f4a4acca0506beb60094f5a921b5 avia-testimonial-row-19 avia-first-testimonial flex_column no_margin av_one_half'><div class='avia-testimonial_inner'  itemscope=\"itemscope\" itemtype=\"https:\/\/schema.org\/CreativeWork\" ><div class='avia-testimonial-image'  itemprop=\"image\" ><img decoding=\"async\" width=\"128\" height=\"128\" src=\"https:\/\/www.prodata.de\/system\/wp-content\/uploads\/sites\/5\/2014\/01\/L\u00b4oreal.png\" class=\"attachment-square size-square\" alt=\"Logo von L\u00b4or\u00e9al\" srcset=\"https:\/\/www.prodata.de\/system\/wp-content\/uploads\/sites\/5\/2014\/01\/L\u00b4oreal.png 128w, https:\/\/www.prodata.de\/system\/wp-content\/uploads\/sites\/5\/2014\/01\/L\u00b4oreal-80x80.png 80w, https:\/\/www.prodata.de\/system\/wp-content\/uploads\/sites\/5\/2014\/01\/L\u00b4oreal-36x36.png 36w\" sizes=\"(max-width: 128px) 100vw, 128px\" \/><\/div><div class='avia-testimonial-content '><div class='avia-testimonial-markup-entry-content'  itemprop=\"text\" ><p>Alle Projekte werden von fachlich kompetenten Mitarbeitern ausgef\u00fchrt, die alle stets konstruktive Vorschl\u00e4ge haben. Wir haben uns zu jeder Zeit sehr gut aufgehoben gef\u00fchlt.<\/p>\n<\/div><\/div><div class=\"avia-testimonial-meta\"><div class=\"avia-testimonial-arrow-wrap\"><div class=\"avia-arrow\"><\/div><\/div><div class='avia-testimonial-meta-mini'  itemprop=\"author\" itemscope=\"itemscope\" itemtype=\"https:\/\/schema.org\/Person\" ><strong  class='avia-testimonial-name'  itemprop=\"name\" >Dominik Leibold<\/strong><span  class='avia-testimonial-subtitle '  itemprop=\"jobTitle\" >Leiter Customer Care, L\u2019Or\u00e9al<\/span><\/div><\/div><\/div><\/div>\n<div class='avia-testimonial av-j8j9b5z-1234ecd974cbdc8b6c53cf1b121d18e7 avia-testimonial-row-19 avia-last-testimonial flex_column no_margin av_one_half'><div class='avia-testimonial_inner'  itemscope=\"itemscope\" itemtype=\"https:\/\/schema.org\/CreativeWork\" ><div class='avia-testimonial-image'  itemprop=\"image\" ><img decoding=\"async\" width=\"180\" height=\"180\" src=\"https:\/\/www.prodata.de\/system\/wp-content\/uploads\/sites\/5\/2016\/01\/FCA-180x180.png\" class=\"attachment-square size-square\" alt=\"\" srcset=\"https:\/\/www.prodata.de\/system\/wp-content\/uploads\/sites\/5\/2016\/01\/FCA-180x180.png 180w, https:\/\/www.prodata.de\/system\/wp-content\/uploads\/sites\/5\/2016\/01\/FCA-80x80.png 80w, https:\/\/www.prodata.de\/system\/wp-content\/uploads\/sites\/5\/2016\/01\/FCA-36x36.png 36w, https:\/\/www.prodata.de\/system\/wp-content\/uploads\/sites\/5\/2016\/01\/FCA.png 200w\" sizes=\"(max-width: 180px) 100vw, 180px\" \/><\/div><div class='avia-testimonial-content '><div class='avia-testimonial-markup-entry-content'  itemprop=\"text\" ><p>Die erstellte Software von PRODATA unterst\u00fctzt uns sehr gut im t\u00e4glichen Umgang mit unseren Kunden. Wir sind von der Leistungsf\u00e4higkeit von PRODATA \u00fcberzeugt.<\/p>\n<\/div><\/div><div class=\"avia-testimonial-meta\"><div class=\"avia-testimonial-arrow-wrap\"><div class=\"avia-arrow\"><\/div><\/div><div class='avia-testimonial-meta-mini'  itemprop=\"author\" itemscope=\"itemscope\" itemtype=\"https:\/\/schema.org\/Person\" ><strong  class='avia-testimonial-name'  itemprop=\"name\" >Giovanni Vigorito<\/strong><span  class='avia-testimonial-subtitle '  itemprop=\"jobTitle\" >Marketing Manager, Fiat Chrysler Group<\/span><\/div><\/div><\/div><\/div><\/section>\n<\/div><\/p><\/div><\/div><\/div><\/div><!-- close content main div --><\/div><\/div>\n<style type=\"text\/css\" data-created_by=\"avia_inline_auto\" id=\"style-css-av-48x7lrb-04918d09e7c5d2cdf9f504911c780435\">\n.avia-section.av-48x7lrb-04918d09e7c5d2cdf9f504911c780435 .av-parallax .av-parallax-inner{\nbackground-repeat:no-repeat;\nbackground-image:url(https:\/\/www.prodata.de\/system\/wp-content\/uploads\/sites\/5\/2015\/11\/desk_blurry.jpg);\nbackground-position:50% 100%;\nbackground-attachment:scroll;\n}\n.avia-section.av-48x7lrb-04918d09e7c5d2cdf9f504911c780435 .av-section-color-overlay{\nopacity:0.5;\nbackground-color:#ffffff;\n}\n<\/style>\n<div id='av_section_2'  class='avia-section av-48x7lrb-04918d09e7c5d2cdf9f504911c780435 main_color avia-section-large avia-no-border-styling  avia-builder-el-7  el_after_av_section  avia-builder-el-last  av-parallax-section avia-bg-style-parallax av-section-color-overlay-active container_wrap fullsize'  data-section-bg-repeat='no-repeat'><div class='av-parallax' data-avia-parallax-ratio='0.3' ><div class='av-parallax-inner main_color avia-full-stretch'><\/div><\/div><div class=\"av-section-color-overlay-wrap\"><div class=\"av-section-color-overlay\"><\/div><div class='container av-section-cont-open' ><div class='template-page content  av-content-full alpha units'><div class='post-entry post-entry-type-page post-entry-40871'><div class='entry-content-wrapper clearfix'>\n\n<style type=\"text\/css\" data-created_by=\"avia_inline_auto\" id=\"style-css-av-3qxi4qv-586ba37d6bae5fd3a6b89616b1d9071f\">\n#top .av-special-heading.av-3qxi4qv-586ba37d6bae5fd3a6b89616b1d9071f{\npadding-bottom:10px;\n}\nbody .av-special-heading.av-3qxi4qv-586ba37d6bae5fd3a6b89616b1d9071f .av-special-heading-tag .heading-char{\nfont-size:25px;\n}\n.av-special-heading.av-3qxi4qv-586ba37d6bae5fd3a6b89616b1d9071f .av-subheading{\nfont-size:15px;\n}\n<\/style>\n<div  class='av-special-heading av-3qxi4qv-586ba37d6bae5fd3a6b89616b1d9071f av-special-heading-h2 blockquote modern-quote modern-centered  avia-builder-el-8  el_before_av_hr  avia-builder-el-first '><h2 class='av-special-heading-tag '  itemprop=\"headline\"  >Ihr direkter Kontakt<\/h2><div class=\"special-heading-border\"><div class=\"special-heading-inner-border\"><\/div><\/div><\/div>\n\n<style type=\"text\/css\" data-created_by=\"avia_inline_auto\" id=\"style-css-av-3imoo87-9912169f386ea9e031eb0a3096859d10\">\n#top .hr.av-3imoo87-9912169f386ea9e031eb0a3096859d10{\nmargin-top:48px;\nmargin-bottom:48px;\n}\n.hr.av-3imoo87-9912169f386ea9e031eb0a3096859d10 .hr-inner{\nwidth:85px;\nborder-color:#00488f;\n}\n<\/style>\n<div  class='hr av-3imoo87-9912169f386ea9e031eb0a3096859d10 hr-custom  avia-builder-el-9  el_after_av_heading  el_before_av_one_third  hr-center hr-icon-no'><span class='hr-inner inner-border-av-border-fat'><span class=\"hr-inner-style\"><\/span><\/span><\/div>\n<div class='flex_column_table av-2t42yyv-2a18f0a5251ec0dc1586691424fc7805 sc-av_one_third av-equal-height-column-flextable'>\n<style type=\"text\/css\" data-created_by=\"avia_inline_auto\" id=\"style-css-av-2t42yyv-2a18f0a5251ec0dc1586691424fc7805\">\n.flex_column.av-2t42yyv-2a18f0a5251ec0dc1586691424fc7805{\nborder-radius:0px 0px 0px 0px;\npadding:0px 0px 0px 0px;\n}\n<\/style>\n<div  class='flex_column av-2t42yyv-2a18f0a5251ec0dc1586691424fc7805 av_one_third  avia-builder-el-10  el_after_av_hr  el_before_av_one_third  contact-box first flex_column_table_cell av-equal-height-column av-align-top av-zero-column-padding  '     ><article  class='iconbox iconbox_top av-2hoi0h3-e3f0d52bab5a722700a9c7f71dddbec2  avia-builder-el-11  avia-builder-el-no-sibling  main_color'  itemscope=\"itemscope\" itemtype=\"https:\/\/schema.org\/CreativeWork\" ><div class=\"iconbox_content\"><header class=\"entry-content-header\" aria-label=\"Icon: E-Mail\"><a href='https:\/\/www.prodata.de\/system\/kontakt\/' title='E-Mail' aria-label='E-Mail'  class='iconbox_icon heading-color avia-iconfont avia-font-entypo-fontello' data-av_icon='\ue805' data-av_iconfont='entypo-fontello' title=\"E-Mail\" desc=\"E-Mail\" ><\/a><h3 class='iconbox_content_title '  itemprop=\"headline\" ><a href='https:\/\/www.prodata.de\/system\/kontakt\/' title='E-Mail' >E-Mail<\/a><\/h3><\/header><div class='iconbox_content_container '  itemprop=\"text\" ><p>Senden Sie uns eine E-Mail:<\/p>\n<p><a href=\"mailto:vertrieb@prodata.de\">vertrieb@prodata.de<\/a><\/p>\n<\/div><\/div><footer class=\"entry-footer\"><\/footer><\/article><\/div><div class='av-flex-placeholder'><\/div>\n<style type=\"text\/css\" data-created_by=\"avia_inline_auto\" id=\"style-css-av-1zxfbqf-b78f44f428b5cc59ca7b59f83720e1ff\">\n.flex_column.av-1zxfbqf-b78f44f428b5cc59ca7b59f83720e1ff{\nborder-radius:0px 0px 0px 0px;\npadding:0px 0px 0px 0px;\n}\n<\/style>\n<div  class='flex_column av-1zxfbqf-b78f44f428b5cc59ca7b59f83720e1ff av_one_third  avia-builder-el-12  el_after_av_one_third  el_before_av_one_third  contact-box flex_column_table_cell av-equal-height-column av-align-top av-zero-column-padding  '     ><article  class='iconbox iconbox_top av-1ijoqxz-d6a975f6edb39277622467c694b3895f  avia-builder-el-13  avia-builder-el-no-sibling  main_color'  itemscope=\"itemscope\" itemtype=\"https:\/\/schema.org\/CreativeWork\" ><div class=\"iconbox_content\"><header class=\"entry-content-header\" aria-label=\"Icon: Telefon\"><a href='tel:+4972198171111' title='Telefon' aria-label='Telefon'  class='iconbox_icon heading-color avia-iconfont avia-font-entypo-fontello' data-av_icon='\ue8ac' data-av_iconfont='entypo-fontello' title=\"Telefon\" desc=\"Telefon\" ><\/a><h3 class='iconbox_content_title '  itemprop=\"headline\" ><a href='tel:+4972198171111' title='Telefon' >Telefon<\/a><\/h3><\/header><div class='iconbox_content_container '  itemprop=\"text\" ><p>Rufen Sie uns jetzt an:<\/p>\n<p><a href=\"tel:+4972198171111\">(+49) 721 98 171 111<\/a><\/p>\n<\/div><\/div><footer class=\"entry-footer\"><\/footer><\/article><\/div><div class='av-flex-placeholder'><\/div>\n<style type=\"text\/css\" data-created_by=\"avia_inline_auto\" id=\"style-css-av-11r9hlz-1d2c6b620ee76d0581323f74b3996388\">\n.flex_column.av-11r9hlz-1d2c6b620ee76d0581323f74b3996388{\nborder-radius:0px 0px 0px 0px;\npadding:0px 0px 0px 0px;\n}\n<\/style>\n<div  class='flex_column av-11r9hlz-1d2c6b620ee76d0581323f74b3996388 av_one_third  avia-builder-el-14  el_after_av_one_third  avia-builder-el-last  contact-box flex_column_table_cell av-equal-height-column av-align-top av-zero-column-padding  '     ><article  class='iconbox iconbox_top av-nlokxz-f789b3355900d95fb60c744f2c034999  avia-builder-el-15  avia-builder-el-no-sibling  main_color'  itemscope=\"itemscope\" itemtype=\"https:\/\/schema.org\/CreativeWork\" ><div class=\"iconbox_content\"><header class=\"entry-content-header\" aria-label=\"Icon: Adresse\"><a href='https:\/\/www.prodata.de\/system\/kontakt\/' title='Adresse' aria-label='Adresse'  class='iconbox_icon heading-color avia-iconfont avia-font-entypo-fontello' data-av_icon='\ue842' data-av_iconfont='entypo-fontello' title=\"Adresse\" desc=\"Adresse\" ><\/a><h3 class='iconbox_content_title '  itemprop=\"headline\" ><a href='https:\/\/www.prodata.de\/system\/kontakt\/' title='Adresse' >Adresse<\/a><\/h3><\/header><div class='iconbox_content_container '  itemprop=\"text\" ><p>PRODATA GmbH<br \/>\nKriegsstra\u00dfe 236<br \/>\n76135 Karlsruhe<\/p>\n<\/div><\/div><footer class=\"entry-footer\"><\/footer><\/article><\/div><\/div><!--close column table wrapper. Autoclose: 1 -->\n<\/p>\n","protected":false},"excerpt":{"rendered":"","protected":false},"author":1,"featured_media":0,"parent":60,"menu_order":12,"comment_status":"closed","ping_status":"closed","template":"","meta":{"footnotes":""},"class_list":["post-40871","page","type-page","status-publish","hentry"],"yoast_head":"<!-- This site is optimized with the Yoast SEO plugin v27.5 - https:\/\/yoast.com\/product\/yoast-seo-wordpress\/ -->\n<title>Kundenstimmen - Prodata Systeme&amp;Services<\/title>\n<meta name=\"robots\" content=\"index, follow, max-snippet:-1, max-image-preview:large, max-video-preview:-1\" \/>\n<link rel=\"canonical\" href=\"https:\/\/www.prodata.de\/system\/referenzen\/kundenstimmen\/\" \/>\n<meta property=\"og:locale\" content=\"de_DE\" \/>\n<meta property=\"og:type\" content=\"article\" \/>\n<meta property=\"og:title\" content=\"Kundenstimmen - Prodata Systeme&amp;Services\" \/>\n<meta property=\"og:url\" content=\"https:\/\/www.prodata.de\/system\/referenzen\/kundenstimmen\/\" \/>\n<meta property=\"og:site_name\" content=\"Prodata Systeme&amp;Services\" \/>\n<meta property=\"article:modified_time\" content=\"2022-06-30T10:26:25+00:00\" \/>\n<meta property=\"og:image\" content=\"https:\/\/www.prodata.de\/system\/wp-content\/uploads\/sites\/5\/2022\/06\/Logo_PRODATA_4C.png\" \/>\n\t<meta property=\"og:image:width\" content=\"2480\" \/>\n\t<meta property=\"og:image:height\" content=\"1181\" \/>\n\t<meta property=\"og:image:type\" content=\"image\/png\" \/>\n<meta name=\"twitter:card\" content=\"summary_large_image\" \/>\n<meta name=\"twitter:label1\" content=\"Gesch\u00e4tzte Lesezeit\" \/>\n\t<meta name=\"twitter:data1\" content=\"11\u00a0Minuten\" \/>\n<script type=\"application\/ld+json\" class=\"yoast-schema-graph\">{\"@context\":\"https:\\\/\\\/schema.org\",\"@graph\":[{\"@type\":\"WebPage\",\"@id\":\"https:\\\/\\\/www.prodata.de\\\/system\\\/referenzen\\\/kundenstimmen\\\/\",\"url\":\"https:\\\/\\\/www.prodata.de\\\/system\\\/referenzen\\\/kundenstimmen\\\/\",\"name\":\"Kundenstimmen - Prodata Systeme&amp;Services\",\"isPartOf\":{\"@id\":\"https:\\\/\\\/www.prodata.de\\\/system\\\/#website\"},\"datePublished\":\"2016-01-15T12:53:13+00:00\",\"dateModified\":\"2022-06-30T10:26:25+00:00\",\"breadcrumb\":{\"@id\":\"https:\\\/\\\/www.prodata.de\\\/system\\\/referenzen\\\/kundenstimmen\\\/#breadcrumb\"},\"inLanguage\":\"de\",\"potentialAction\":[{\"@type\":\"ReadAction\",\"target\":[\"https:\\\/\\\/www.prodata.de\\\/system\\\/referenzen\\\/kundenstimmen\\\/\"]}]},{\"@type\":\"BreadcrumbList\",\"@id\":\"https:\\\/\\\/www.prodata.de\\\/system\\\/referenzen\\\/kundenstimmen\\\/#breadcrumb\",\"itemListElement\":[{\"@type\":\"ListItem\",\"position\":1,\"name\":\"Startseite\",\"item\":\"https:\\\/\\\/www.prodata.de\\\/system\\\/startseite\\\/\"},{\"@type\":\"ListItem\",\"position\":2,\"name\":\"Referenzen\",\"item\":\"https:\\\/\\\/www.prodata.de\\\/system\\\/referenzen\\\/\"},{\"@type\":\"ListItem\",\"position\":3,\"name\":\"Kundenstimmen\"}]},{\"@type\":\"WebSite\",\"@id\":\"https:\\\/\\\/www.prodata.de\\\/system\\\/#website\",\"url\":\"https:\\\/\\\/www.prodata.de\\\/system\\\/\",\"name\":\"Prodata Systeme&amp;Services\",\"description\":\"Datenbanken und Informationssysteme\",\"publisher\":{\"@id\":\"https:\\\/\\\/www.prodata.de\\\/system\\\/#organization\"},\"potentialAction\":[{\"@type\":\"SearchAction\",\"target\":{\"@type\":\"EntryPoint\",\"urlTemplate\":\"https:\\\/\\\/www.prodata.de\\\/system\\\/?s={search_term_string}\"},\"query-input\":{\"@type\":\"PropertyValueSpecification\",\"valueRequired\":true,\"valueName\":\"search_term_string\"}}],\"inLanguage\":\"de\"},{\"@type\":\"Organization\",\"@id\":\"https:\\\/\\\/www.prodata.de\\\/system\\\/#organization\",\"name\":\"PRODATA GmbH\",\"alternateName\":\"PRODATA Loyalty\",\"url\":\"https:\\\/\\\/www.prodata.de\\\/system\\\/\",\"logo\":{\"@type\":\"ImageObject\",\"inLanguage\":\"de\",\"@id\":\"https:\\\/\\\/www.prodata.de\\\/system\\\/#\\\/schema\\\/logo\\\/image\\\/\",\"url\":\"https:\\\/\\\/www.prodata.de\\\/system\\\/wp-content\\\/uploads\\\/sites\\\/5\\\/2022\\\/09\\\/Favicon.png\",\"contentUrl\":\"https:\\\/\\\/www.prodata.de\\\/system\\\/wp-content\\\/uploads\\\/sites\\\/5\\\/2022\\\/09\\\/Favicon.png\",\"width\":263,\"height\":314,\"caption\":\"PRODATA GmbH\"},\"image\":{\"@id\":\"https:\\\/\\\/www.prodata.de\\\/system\\\/#\\\/schema\\\/logo\\\/image\\\/\"}}]}<\/script>\n<!-- \/ Yoast SEO plugin. -->","yoast_head_json":{"title":"Kundenstimmen - Prodata Systeme&amp;Services","robots":{"index":"index","follow":"follow","max-snippet":"max-snippet:-1","max-image-preview":"max-image-preview:large","max-video-preview":"max-video-preview:-1"},"canonical":"https:\/\/www.prodata.de\/system\/referenzen\/kundenstimmen\/","og_locale":"de_DE","og_type":"article","og_title":"Kundenstimmen - Prodata Systeme&amp;Services","og_url":"https:\/\/www.prodata.de\/system\/referenzen\/kundenstimmen\/","og_site_name":"Prodata Systeme&amp;Services","article_modified_time":"2022-06-30T10:26:25+00:00","og_image":[{"width":2480,"height":1181,"url":"https:\/\/www.prodata.de\/system\/wp-content\/uploads\/sites\/5\/2022\/06\/Logo_PRODATA_4C.png","type":"image\/png"}],"twitter_card":"summary_large_image","twitter_misc":{"Gesch\u00e4tzte Lesezeit":"11\u00a0Minuten"},"schema":{"@context":"https:\/\/schema.org","@graph":[{"@type":"WebPage","@id":"https:\/\/www.prodata.de\/system\/referenzen\/kundenstimmen\/","url":"https:\/\/www.prodata.de\/system\/referenzen\/kundenstimmen\/","name":"Kundenstimmen - Prodata Systeme&amp;Services","isPartOf":{"@id":"https:\/\/www.prodata.de\/system\/#website"},"datePublished":"2016-01-15T12:53:13+00:00","dateModified":"2022-06-30T10:26:25+00:00","breadcrumb":{"@id":"https:\/\/www.prodata.de\/system\/referenzen\/kundenstimmen\/#breadcrumb"},"inLanguage":"de","potentialAction":[{"@type":"ReadAction","target":["https:\/\/www.prodata.de\/system\/referenzen\/kundenstimmen\/"]}]},{"@type":"BreadcrumbList","@id":"https:\/\/www.prodata.de\/system\/referenzen\/kundenstimmen\/#breadcrumb","itemListElement":[{"@type":"ListItem","position":1,"name":"Startseite","item":"https:\/\/www.prodata.de\/system\/startseite\/"},{"@type":"ListItem","position":2,"name":"Referenzen","item":"https:\/\/www.prodata.de\/system\/referenzen\/"},{"@type":"ListItem","position":3,"name":"Kundenstimmen"}]},{"@type":"WebSite","@id":"https:\/\/www.prodata.de\/system\/#website","url":"https:\/\/www.prodata.de\/system\/","name":"Prodata Systeme&amp;Services","description":"Datenbanken und Informationssysteme","publisher":{"@id":"https:\/\/www.prodata.de\/system\/#organization"},"potentialAction":[{"@type":"SearchAction","target":{"@type":"EntryPoint","urlTemplate":"https:\/\/www.prodata.de\/system\/?s={search_term_string}"},"query-input":{"@type":"PropertyValueSpecification","valueRequired":true,"valueName":"search_term_string"}}],"inLanguage":"de"},{"@type":"Organization","@id":"https:\/\/www.prodata.de\/system\/#organization","name":"PRODATA GmbH","alternateName":"PRODATA Loyalty","url":"https:\/\/www.prodata.de\/system\/","logo":{"@type":"ImageObject","inLanguage":"de","@id":"https:\/\/www.prodata.de\/system\/#\/schema\/logo\/image\/","url":"https:\/\/www.prodata.de\/system\/wp-content\/uploads\/sites\/5\/2022\/09\/Favicon.png","contentUrl":"https:\/\/www.prodata.de\/system\/wp-content\/uploads\/sites\/5\/2022\/09\/Favicon.png","width":263,"height":314,"caption":"PRODATA GmbH"},"image":{"@id":"https:\/\/www.prodata.de\/system\/#\/schema\/logo\/image\/"}}]}},"_links":{"self":[{"href":"https:\/\/www.prodata.de\/system\/wp-json\/wp\/v2\/pages\/40871","targetHints":{"allow":["GET"]}}],"collection":[{"href":"https:\/\/www.prodata.de\/system\/wp-json\/wp\/v2\/pages"}],"about":[{"href":"https:\/\/www.prodata.de\/system\/wp-json\/wp\/v2\/types\/page"}],"author":[{"embeddable":true,"href":"https:\/\/www.prodata.de\/system\/wp-json\/wp\/v2\/users\/1"}],"replies":[{"embeddable":true,"href":"https:\/\/www.prodata.de\/system\/wp-json\/wp\/v2\/comments?post=40871"}],"version-history":[{"count":0,"href":"https:\/\/www.prodata.de\/system\/wp-json\/wp\/v2\/pages\/40871\/revisions"}],"up":[{"embeddable":true,"href":"https:\/\/www.prodata.de\/system\/wp-json\/wp\/v2\/pages\/60"}],"wp:attachment":[{"href":"https:\/\/www.prodata.de\/system\/wp-json\/wp\/v2\/media?parent=40871"}],"curies":[{"name":"wp","href":"https:\/\/api.w.org\/{rel}","templated":true}]}}